{"id":9183,"date":"2024-02-09T11:33:23","date_gmt":"2024-02-09T09:33:23","guid":{"rendered":"https:\/\/www.charteranddreams.com\/?post_type=destination&#038;p=9183"},"modified":"2026-04-25T11:16:16","modified_gmt":"2026-04-25T09:16:16","slug":"menorca","status":"publish","type":"destination","link":"https:\/\/www.charteranddreams.com\/es\/destination\/menorca\/","title":{"rendered":"Menorca"},"content":{"rendered":"\t\t<div data-elementor-type=\"wp-post\" data-elementor-id=\"9183\" class=\"elementor elementor-9183 elementor-9181\" data-elementor-post-type=\"destination\">\n\t\t\t\t<div class=\"elementor-element elementor-element-f404827 e-con-full e-flex e-con e-parent\" data-id=\"f404827\" data-element_type=\"container\" data-settings=\"{&quot;background_background&quot;:&quot;classic&quot;}\">\n\t\t\t\t<div class=\"elementor-element elementor-element-4998443 elementor-widget elementor-widget-image\" data-id=\"4998443\" data-element_type=\"widget\" data-widget_type=\"image.default\">\n\t\t\t\t\t\t\t\t\t\t\t\t\t\t\t<img decoding=\"async\" width=\"2048\" height=\"1195\" src=\"https:\/\/www.charteranddreams.com\/wp-content\/uploads\/2024\/02\/mongofra-menorca-long.jpg\" class=\"attachment-full size-full wp-image-9274\" alt=\"\" srcset=\"https:\/\/www.charteranddreams.com\/wp-content\/uploads\/2024\/02\/mongofra-menorca-long.jpg 2048w, https:\/\/www.charteranddreams.com\/wp-content\/uploads\/2024\/02\/mongofra-menorca-long-992x579.jpg 992w, https:\/\/www.charteranddreams.com\/wp-content\/uploads\/2024\/02\/mongofra-menorca-long-1400x817.jpg 1400w, https:\/\/www.charteranddreams.com\/wp-content\/uploads\/2024\/02\/mongofra-menorca-long-768x448.jpg 768w, https:\/\/www.charteranddreams.com\/wp-content\/uploads\/2024\/02\/mongofra-menorca-long-1536x896.jpg 1536w\" sizes=\"(max-width: 2048px) 100vw, 2048px\" \/>\t\t\t\t\t\t\t\t\t\t\t\t\t\t\t<\/div>\n\t\t<div class=\"elementor-element elementor-element-ecb768a e-flex e-con-boxed e-con e-child\" data-id=\"ecb768a\" data-element_type=\"container\" data-settings=\"{&quot;position&quot;:&quot;absolute&quot;}\">\n\t\t\t\t\t<div class=\"e-con-inner\">\n\t\t\t\t<div class=\"elementor-element elementor-element-301b552 elementor-widget__width-initial elementor-widget elementor-widget-heading\" data-id=\"301b552\" data-element_type=\"widget\" data-widget_type=\"heading.default\">\n\t\t\t\t\t<h1 class=\"elementor-heading-title elementor-size-default\">Luxury yacht charter in Menorca<\/h1>\t\t\t\t<\/div>\n\t\t\t\t<div class=\"elementor-element elementor-element-b0b4d6d elementor-widget__width-initial elementor-widget elementor-widget-text-editor\" data-id=\"b0b4d6d\" data-element_type=\"widget\" data-widget_type=\"text-editor.default\">\n\t\t\t\t\t\t\t\t\t<p>Wild and wonderful, Menora is the most untouched of the Balearic Islands. With more beaches than Mallorca and Ibiza combined, you will never run out of beaches to explore in Menorca.<\/p>\t\t\t\t\t\t\t\t<\/div>\n\t\t\t\t\t<\/div>\n\t\t\t\t<\/div>\n\t\t\t\t<\/div>\n\t\t<div class=\"elementor-element elementor-element-3e06ed9 e-con-full scrollable-buttons e-flex e-con e-parent\" data-id=\"3e06ed9\" data-element_type=\"container\" data-settings=\"{&quot;background_background&quot;:&quot;classic&quot;}\">\n\t\t\t\t<div class=\"elementor-element elementor-element-cca0dcd elementor-widget elementor-widget-button\" data-id=\"cca0dcd\" data-element_type=\"widget\" data-widget_type=\"button.default\">\n\t\t\t\t\t\t\t\t\t\t<a class=\"elementor-button elementor-button-link elementor-size-sm\" href=\"#about\">\n\t\t\t\t\t\t<span class=\"elementor-button-content-wrapper\">\n\t\t\t\t\t\t\t\t\t<span class=\"elementor-button-text\">About the destination<\/span>\n\t\t\t\t\t<\/span>\n\t\t\t\t\t<\/a>\n\t\t\t\t\t\t\t\t<\/div>\n\t\t\t\t<div class=\"elementor-element elementor-element-78f5280 elementor-widget elementor-widget-button\" data-id=\"78f5280\" data-element_type=\"widget\" data-widget_type=\"button.default\">\n\t\t\t\t\t\t\t\t\t\t<a class=\"elementor-button elementor-button-link elementor-size-sm\" href=\"#perfect\">\n\t\t\t\t\t\t<span class=\"elementor-button-content-wrapper\">\n\t\t\t\t\t\t\t\t\t<span class=\"elementor-button-text\">Perfect 7 days itinerary<\/span>\n\t\t\t\t\t<\/span>\n\t\t\t\t\t<\/a>\n\t\t\t\t\t\t\t\t<\/div>\n\t\t\t\t<div class=\"elementor-element elementor-element-9955023 elementor-widget elementor-widget-button\" data-id=\"9955023\" data-element_type=\"widget\" data-widget_type=\"button.default\">\n\t\t\t\t\t\t\t\t\t\t<a class=\"elementor-button elementor-button-link elementor-size-sm\" href=\"#spots\">\n\t\t\t\t\t\t<span class=\"elementor-button-content-wrapper\">\n\t\t\t\t\t\t\t\t\t<span class=\"elementor-button-text\">Spots you can't miss<\/span>\n\t\t\t\t\t<\/span>\n\t\t\t\t\t<\/a>\n\t\t\t\t\t\t\t\t<\/div>\n\t\t\t\t<div class=\"elementor-element elementor-element-896d1ba elementor-widget elementor-widget-shortcode\" data-id=\"896d1ba\" data-element_type=\"widget\" data-widget_type=\"shortcode.default\">\n\t\t\t\t\t\t\t<div class=\"elementor-shortcode\"><\/div>\n\t\t\t\t\t\t<\/div>\n\t\t\t\t<\/div>\n\t\t<div class=\"elementor-element elementor-element-49c8232 e-flex e-con-boxed e-con e-parent\" data-id=\"49c8232\" data-element_type=\"container\" id=\"about\">\n\t\t\t\t\t<div class=\"e-con-inner\">\n\t\t\t\t<div class=\"elementor-element elementor-element-00905c1 elementor-widget elementor-widget-heading\" data-id=\"00905c1\" data-element_type=\"widget\" data-widget_type=\"heading.default\">\n\t\t\t\t\t<h2 class=\"elementor-heading-title elementor-size-default\">Menorca Yacht Charter<\/h2>\t\t\t\t<\/div>\n\t\t\t\t<div class=\"elementor-element elementor-element-9e2203a elementor-widget__width-initial elementor-widget elementor-widget-text-editor\" data-id=\"9e2203a\" data-element_type=\"widget\" data-widget_type=\"text-editor.default\">\n\t\t\t\t\t\t\t\t\t<p><span data-sheets-root=\"1\" data-sheets-value=\"{&quot;1&quot;:2,&quot;2&quot;:&quot;Menorca, the second largest and least populated Balearic island, is a unique treasure in the Mediterranean. Wild and beautiful with 216 km of coastline, stone walls wind around the island in the landscape of protected natural parks. Menorca is the most unspoiled of the Balearic Islands. The moment you step off the yacht, you can immediately see and feel the peaceful atmosphere.\\n\\nMenorca is different from the rest with its well preserved natural landscape and few tourists, you will often feel as if you are on a private island.\\n\\n\\n\\nGiven the island's modest size, you can easily circumnavigate the entire island and sunbathe all day long in several calas where you can dive into the cool waters of the Mediterranean.&quot;}\" data-sheets-userformat=\"{&quot;2&quot;:5033,&quot;3&quot;:{&quot;1&quot;:0},&quot;6&quot;:{&quot;1&quot;:[{&quot;1&quot;:2,&quot;2&quot;:0,&quot;5&quot;:{&quot;1&quot;:2,&quot;2&quot;:0}},{&quot;1&quot;:0,&quot;2&quot;:0,&quot;3&quot;:3},{&quot;1&quot;:1,&quot;2&quot;:0,&quot;4&quot;:1}]},&quot;8&quot;:{&quot;1&quot;:[{&quot;1&quot;:2,&quot;2&quot;:0,&quot;5&quot;:{&quot;1&quot;:2,&quot;2&quot;:0}},{&quot;1&quot;:0,&quot;2&quot;:0,&quot;3&quot;:3},{&quot;1&quot;:1,&quot;2&quot;:0,&quot;4&quot;:1}]},&quot;10&quot;:0,&quot;11&quot;:4,&quot;12&quot;:0,&quot;15&quot;:&quot;Arial&quot;}\">Menorca, the second largest and least populated Balearic island, is a unique treasure in the Mediterranean. Wild and beautiful with 216 km of coastline, stone walls wind around the island in the landscape of protected natural parks. Menorca is the most unspoiled of the Balearic Islands. The moment you step off the yacht, you can immediately see and feel the peaceful atmosphere.<\/span><\/p><p>Given the island&#8217;s modest size, you can easily circumnavigate the entire island and sunbathe all day long in several calas where you can dive into the cool waters of the Mediterranean.<\/p>\t\t\t\t\t\t\t\t<\/div>\n\t\t\t\t\t<\/div>\n\t\t\t\t<\/div>\n\t\t<div class=\"elementor-element elementor-element-b7c285b e-flex e-con-boxed e-con e-parent\" data-id=\"b7c285b\" data-element_type=\"container\" data-settings=\"{&quot;background_background&quot;:&quot;classic&quot;}\">\n\t\t\t\t\t<div class=\"e-con-inner\">\n\t\t\t\t<div class=\"elementor-element elementor-element-3c96e10 elementor-widget elementor-widget-shortcode\" data-id=\"3c96e10\" data-element_type=\"widget\" data-widget_type=\"shortcode.default\">\n\t\t\t\t\t\t\t<div class=\"elementor-shortcode\">    <div class=\"elementor-element elementor-widget elementor-widget-button destinationcta\" data-element_type=\"widget\" data-widget_type=\"button.default\">\n      <div class=\"elementor-widget-container\">\n        <div class=\"elementor-button-wrapper\">\n          <button class=\"elementor-button elementor-button-link elementor-size-sm openEnquireModal\" >\u00a1Cont\u00e1ctanos para m\u00e1s informaci\u00f3n!<\/button>\n        <\/div>\n      <\/div>\n    <\/div>\n    <\/div>\n\t\t\t\t\t\t<\/div>\n\t\t\t\t\t<\/div>\n\t\t\t\t<\/div>\n\t\t<div class=\"elementor-element elementor-element-db4b777 e-flex e-con-boxed e-con e-parent\" data-id=\"db4b777\" data-element_type=\"container\" id=\"perfect\">\n\t\t\t\t\t<div class=\"e-con-inner\">\n\t\t\t\t<div class=\"elementor-element elementor-element-4c9fb2d elementor-widget elementor-widget-heading\" data-id=\"4c9fb2d\" data-element_type=\"widget\" data-widget_type=\"heading.default\">\n\t\t\t\t\t<h2 class=\"elementor-heading-title elementor-size-small\">The Perfect Menorca Itinerary<\/h2>\t\t\t\t<\/div>\n\t\t\t\t\t<\/div>\n\t\t\t\t<\/div>\n\t\t<section class=\"elementor-element elementor-element-0bd2e44 e-flex e-con-boxed e-con e-parent\" data-id=\"0bd2e44\" data-element_type=\"container\">\n\t\t\t\t\t<div class=\"e-con-inner\">\n\t\t<div class=\"elementor-element elementor-element-c1fe58b e-con-full e-flex e-con e-child\" data-id=\"c1fe58b\" data-element_type=\"container\">\n\t\t\t\t<div class=\"elementor-element elementor-element-fee3649 elementor-widget elementor-widget-image\" data-id=\"fee3649\" data-element_type=\"widget\" data-widget_type=\"image.default\">\n\t\t\t\t\t\t\t\t\t\t\t\t\t\t\t<img decoding=\"async\" width=\"800\" height=\"622\" src=\"https:\/\/www.charteranddreams.com\/wp-content\/uploads\/2024\/02\/mitjana-menorca-1400x1089.jpg\" class=\"attachment-large size-large wp-image-9215\" alt=\"Cala Mitjana Menorca\" srcset=\"https:\/\/www.charteranddreams.com\/wp-content\/uploads\/2024\/02\/mitjana-menorca-1400x1089.jpg 1400w, https:\/\/www.charteranddreams.com\/wp-content\/uploads\/2024\/02\/mitjana-menorca-992x772.jpg 992w, https:\/\/www.charteranddreams.com\/wp-content\/uploads\/2024\/02\/mitjana-menorca-768x597.jpg 768w, https:\/\/www.charteranddreams.com\/wp-content\/uploads\/2024\/02\/mitjana-menorca-1536x1195.jpg 1536w, https:\/\/www.charteranddreams.com\/wp-content\/uploads\/2024\/02\/mitjana-menorca-2048x1593.jpg 2048w\" sizes=\"(max-width: 800px) 100vw, 800px\" \/>\t\t\t\t\t\t\t\t\t\t\t\t\t\t\t<\/div>\n\t\t\t\t<\/div>\n\t\t<div class=\"elementor-element elementor-element-aee8bac e-con-full e-flex e-con e-child\" data-id=\"aee8bac\" data-element_type=\"container\">\n\t\t\t\t<div class=\"elementor-element elementor-element-44e965d elementor-widget elementor-widget-heading\" data-id=\"44e965d\" data-element_type=\"widget\" data-widget_type=\"heading.default\">\n\t\t\t\t\t<p class=\"elementor-heading-title elementor-size-default\">DAY 01<\/p>\t\t\t\t<\/div>\n\t\t\t\t<div class=\"elementor-element elementor-element-f50b68c elementor-widget elementor-widget-heading\" data-id=\"f50b68c\" data-element_type=\"widget\" data-widget_type=\"heading.default\">\n\t\t\t\t\t<h3 class=\"elementor-heading-title elementor-size-default\">Mah\u00f3n - Es Grau<\/h3>\t\t\t\t<\/div>\n\t\t\t\t<div class=\"elementor-element elementor-element-4485934 elementor-widget elementor-widget-text-editor\" data-id=\"4485934\" data-element_type=\"widget\" data-widget_type=\"text-editor.default\">\n\t\t\t\t\t\t\t\t\t<p><span data-sheets-root=\"1\" data-sheets-value=\"{&quot;1&quot;:2,&quot;2&quot;:&quot;Mah\u00f3n - Es Grau \\nOur journey through Menorca will begin at the port of Mah\u00f3n located in the north of the island. We will head north along the Menorcan coast to the S'Albufera des Grau Natural Park, a pristine natural reserve encompassing a diverse range of ecosystems, including wetlands, woodlands, and coastal habitats. Discover Cala En Tortuga, one of the most secluded beaches in Menorca, an ideal setting for snorkeling enthusiasts. This hidden gem boasts crystalline waters and is among the most picturesque hidden coves on the island. \\n&quot;}\" data-sheets-userformat=\"{&quot;2&quot;:5033,&quot;3&quot;:{&quot;1&quot;:0},&quot;6&quot;:{&quot;1&quot;:[{&quot;1&quot;:2,&quot;2&quot;:0,&quot;5&quot;:{&quot;1&quot;:2,&quot;2&quot;:0}},{&quot;1&quot;:0,&quot;2&quot;:0,&quot;3&quot;:3},{&quot;1&quot;:1,&quot;2&quot;:0,&quot;4&quot;:1}]},&quot;8&quot;:{&quot;1&quot;:[{&quot;1&quot;:2,&quot;2&quot;:0,&quot;5&quot;:{&quot;1&quot;:2,&quot;2&quot;:0}},{&quot;1&quot;:0,&quot;2&quot;:0,&quot;3&quot;:3},{&quot;1&quot;:1,&quot;2&quot;:0,&quot;4&quot;:1}]},&quot;10&quot;:0,&quot;11&quot;:4,&quot;12&quot;:0,&quot;15&quot;:&quot;Arial&quot;}\">Our journey through Menorca will begin at the port of Mah\u00f3n located in the north of the island. We will head north along the Menorcan coast to the S&#8217;Albufera des Grau Natural Park, a pristine natural reserve encompassing a diverse range of ecosystems, including wetlands, woodlands, and coastal habitats.\u00a0<\/span><\/p><p><span data-sheets-root=\"1\" data-sheets-value=\"{&quot;1&quot;:2,&quot;2&quot;:&quot;Mah\u00f3n - Es Grau \\nOur journey through Menorca will begin at the port of Mah\u00f3n located in the north of the island. We will head north along the Menorcan coast to the S'Albufera des Grau Natural Park, a pristine natural reserve encompassing a diverse range of ecosystems, including wetlands, woodlands, and coastal habitats. Discover Cala En Tortuga, one of the most secluded beaches in Menorca, an ideal setting for snorkeling enthusiasts. This hidden gem boasts crystalline waters and is among the most picturesque hidden coves on the island. \\n&quot;}\" data-sheets-userformat=\"{&quot;2&quot;:5033,&quot;3&quot;:{&quot;1&quot;:0},&quot;6&quot;:{&quot;1&quot;:[{&quot;1&quot;:2,&quot;2&quot;:0,&quot;5&quot;:{&quot;1&quot;:2,&quot;2&quot;:0}},{&quot;1&quot;:0,&quot;2&quot;:0,&quot;3&quot;:3},{&quot;1&quot;:1,&quot;2&quot;:0,&quot;4&quot;:1}]},&quot;8&quot;:{&quot;1&quot;:[{&quot;1&quot;:2,&quot;2&quot;:0,&quot;5&quot;:{&quot;1&quot;:2,&quot;2&quot;:0}},{&quot;1&quot;:0,&quot;2&quot;:0,&quot;3&quot;:3},{&quot;1&quot;:1,&quot;2&quot;:0,&quot;4&quot;:1}]},&quot;10&quot;:0,&quot;11&quot;:4,&quot;12&quot;:0,&quot;15&quot;:&quot;Arial&quot;}\">Discover Cala En Tortuga, one of the most secluded beaches in Menorca, an ideal setting for snorkeling enthusiasts. This hidden gem boasts crystalline waters and is among the most picturesque hidden coves on the island. <br \/><\/span><\/p>\t\t\t\t\t\t\t\t<\/div>\n\t\t\t\t<\/div>\n\t\t\t\t\t<\/div>\n\t\t\t\t<\/section>\n\t\t<section class=\"elementor-element elementor-element-0e2ce83 e-flex e-con-boxed e-con e-parent\" data-id=\"0e2ce83\" data-element_type=\"container\">\n\t\t\t\t\t<div class=\"e-con-inner\">\n\t\t<div class=\"elementor-element elementor-element-8d329a4 e-con-full e-flex e-con e-child\" data-id=\"8d329a4\" data-element_type=\"container\">\n\t\t\t\t<div class=\"elementor-element elementor-element-7e95c45 elementor-widget elementor-widget-heading\" data-id=\"7e95c45\" data-element_type=\"widget\" data-widget_type=\"heading.default\">\n\t\t\t\t\t<p class=\"elementor-heading-title elementor-size-default\">DAY 02<\/p>\t\t\t\t<\/div>\n\t\t\t\t<div class=\"elementor-element elementor-element-932aeac elementor-widget elementor-widget-heading\" data-id=\"932aeac\" data-element_type=\"widget\" data-widget_type=\"heading.default\">\n\t\t\t\t\t<h3 class=\"elementor-heading-title elementor-size-default\">Fornells<\/h3>\t\t\t\t<\/div>\n\t\t\t\t<div class=\"elementor-element elementor-element-a9ed0c8 elementor-widget elementor-widget-text-editor\" data-id=\"a9ed0c8\" data-element_type=\"widget\" data-widget_type=\"text-editor.default\">\n\t\t\t\t\t\t\t\t\t<p><span data-sheets-root=\"1\" data-sheets-value=\"{&quot;1&quot;:2,&quot;2&quot;:&quot;Today we head to Fornells, a charming and serene village nestled on the northern coast of Menorca. Known for its picturesque harbor filled with traditional fishing boats and quaint waterfront restaurants, Fornells offers a tranquil atmosphere and stunning views of the surrounding coastline. \\n\\n\\n&quot;}\" data-sheets-userformat=\"{&quot;2&quot;:5033,&quot;3&quot;:{&quot;1&quot;:0},&quot;6&quot;:{&quot;1&quot;:[{&quot;1&quot;:2,&quot;2&quot;:0,&quot;5&quot;:{&quot;1&quot;:2,&quot;2&quot;:0}},{&quot;1&quot;:0,&quot;2&quot;:0,&quot;3&quot;:3},{&quot;1&quot;:1,&quot;2&quot;:0,&quot;4&quot;:1}]},&quot;8&quot;:{&quot;1&quot;:[{&quot;1&quot;:2,&quot;2&quot;:0,&quot;5&quot;:{&quot;1&quot;:2,&quot;2&quot;:0}},{&quot;1&quot;:0,&quot;2&quot;:0,&quot;3&quot;:3},{&quot;1&quot;:1,&quot;2&quot;:0,&quot;4&quot;:1}]},&quot;10&quot;:0,&quot;11&quot;:4,&quot;12&quot;:0,&quot;15&quot;:&quot;Arial&quot;}\">After a delicious breakfast onboard, we&#8217;ll head to Fornells, a charming and serene village nestled on the northern coast of Menorca.\u00a0<\/span><\/p><p><span data-sheets-root=\"1\" data-sheets-value=\"{&quot;1&quot;:2,&quot;2&quot;:&quot;Today we head to Fornells, a charming and serene village nestled on the northern coast of Menorca. Known for its picturesque harbor filled with traditional fishing boats and quaint waterfront restaurants, Fornells offers a tranquil atmosphere and stunning views of the surrounding coastline. \\n\\n\\n&quot;}\" data-sheets-userformat=\"{&quot;2&quot;:5033,&quot;3&quot;:{&quot;1&quot;:0},&quot;6&quot;:{&quot;1&quot;:[{&quot;1&quot;:2,&quot;2&quot;:0,&quot;5&quot;:{&quot;1&quot;:2,&quot;2&quot;:0}},{&quot;1&quot;:0,&quot;2&quot;:0,&quot;3&quot;:3},{&quot;1&quot;:1,&quot;2&quot;:0,&quot;4&quot;:1}]},&quot;8&quot;:{&quot;1&quot;:[{&quot;1&quot;:2,&quot;2&quot;:0,&quot;5&quot;:{&quot;1&quot;:2,&quot;2&quot;:0}},{&quot;1&quot;:0,&quot;2&quot;:0,&quot;3&quot;:3},{&quot;1&quot;:1,&quot;2&quot;:0,&quot;4&quot;:1}]},&quot;10&quot;:0,&quot;11&quot;:4,&quot;12&quot;:0,&quot;15&quot;:&quot;Arial&quot;}\">Known for its picturesque harbor filled with traditional fishing boats and quaint waterfront restaurants, Fornells offers a tranquil atmosphere and stunning views of the surrounding coastline. <\/span><\/p><p>\u00a0<\/p>\t\t\t\t\t\t\t\t<\/div>\n\t\t\t\t<\/div>\n\t\t<div class=\"elementor-element elementor-element-7515bb0 e-con-full e-flex e-con e-child\" data-id=\"7515bb0\" data-element_type=\"container\">\n\t\t\t\t<div class=\"elementor-element elementor-element-dbd76b4 elementor-widget elementor-widget-image\" data-id=\"dbd76b4\" data-element_type=\"widget\" data-widget_type=\"image.default\">\n\t\t\t\t\t\t\t\t\t\t\t\t\t\t\t<img decoding=\"async\" width=\"800\" height=\"622\" src=\"https:\/\/www.charteranddreams.com\/wp-content\/uploads\/2024\/02\/fornells-1400x1089.jpg\" class=\"attachment-large size-large wp-image-9303\" alt=\"\" srcset=\"https:\/\/www.charteranddreams.com\/wp-content\/uploads\/2024\/02\/fornells-1400x1089.jpg 1400w, https:\/\/www.charteranddreams.com\/wp-content\/uploads\/2024\/02\/fornells-992x771.jpg 992w, https:\/\/www.charteranddreams.com\/wp-content\/uploads\/2024\/02\/fornells-768x597.jpg 768w, https:\/\/www.charteranddreams.com\/wp-content\/uploads\/2024\/02\/fornells-1536x1195.jpg 1536w, https:\/\/www.charteranddreams.com\/wp-content\/uploads\/2024\/02\/fornells-2048x1593.jpg 2048w\" sizes=\"(max-width: 800px) 100vw, 800px\" \/>\t\t\t\t\t\t\t\t\t\t\t\t\t\t\t<\/div>\n\t\t\t\t<\/div>\n\t\t\t\t\t<\/div>\n\t\t\t\t<\/section>\n\t\t<section class=\"elementor-element elementor-element-94046bd e-flex e-con-boxed e-con e-parent\" data-id=\"94046bd\" data-element_type=\"container\">\n\t\t\t\t\t<div class=\"e-con-inner\">\n\t\t<div class=\"elementor-element elementor-element-b7d56ae e-con-full e-flex e-con e-child\" data-id=\"b7d56ae\" data-element_type=\"container\">\n\t\t\t\t<div class=\"elementor-element elementor-element-2b57841 elementor-widget elementor-widget-image\" data-id=\"2b57841\" data-element_type=\"widget\" data-widget_type=\"image.default\">\n\t\t\t\t\t\t\t\t\t\t\t\t\t\t\t<img decoding=\"async\" width=\"800\" height=\"622\" src=\"https:\/\/www.charteranddreams.com\/wp-content\/uploads\/2024\/02\/cala-pregonda-menorca.jpg\" class=\"attachment-large size-large wp-image-9221\" alt=\"Cala Pregonda Menorca\" srcset=\"https:\/\/www.charteranddreams.com\/wp-content\/uploads\/2024\/02\/cala-pregonda-menorca.jpg 1097w, https:\/\/www.charteranddreams.com\/wp-content\/uploads\/2024\/02\/cala-pregonda-menorca-992x771.jpg 992w, https:\/\/www.charteranddreams.com\/wp-content\/uploads\/2024\/02\/cala-pregonda-menorca-768x597.jpg 768w\" sizes=\"(max-width: 800px) 100vw, 800px\" \/>\t\t\t\t\t\t\t\t\t\t\t\t\t\t\t<\/div>\n\t\t\t\t<\/div>\n\t\t<div class=\"elementor-element elementor-element-651b0df e-con-full e-flex e-con e-child\" data-id=\"651b0df\" data-element_type=\"container\">\n\t\t\t\t<div class=\"elementor-element elementor-element-8d09c18 elementor-widget elementor-widget-heading\" data-id=\"8d09c18\" data-element_type=\"widget\" data-widget_type=\"heading.default\">\n\t\t\t\t\t<p class=\"elementor-heading-title elementor-size-default\">DAY 03<\/p>\t\t\t\t<\/div>\n\t\t\t\t<div class=\"elementor-element elementor-element-20ddd59 elementor-widget elementor-widget-heading\" data-id=\"20ddd59\" data-element_type=\"widget\" data-widget_type=\"heading.default\">\n\t\t\t\t\t<h3 class=\"elementor-heading-title elementor-size-default\">Cala Pregonda &amp; Cala El Pilar<\/h3>\t\t\t\t<\/div>\n\t\t\t\t<div class=\"elementor-element elementor-element-64c3c79 elementor-widget elementor-widget-text-editor\" data-id=\"64c3c79\" data-element_type=\"widget\" data-widget_type=\"text-editor.default\">\n\t\t\t\t\t\t\t\t\t<p><span data-sheets-root=\"1\" data-sheets-value=\"{&quot;1&quot;:2,&quot;2&quot;:&quot;Discover Cala Pregonda and Cala El Pilar, two secluded, picturesque settings with clear waters and stunning landscapes, ideal for tranquil anchorage experiences away from the crowds in Menorca. Their natural beauty and relatively untouched surroundings provide opportunities for snorkeling, swimming, and relaxation.&quot;}\" data-sheets-userformat=\"{&quot;2&quot;:5033,&quot;3&quot;:{&quot;1&quot;:0},&quot;6&quot;:{&quot;1&quot;:[{&quot;1&quot;:2,&quot;2&quot;:0,&quot;5&quot;:{&quot;1&quot;:2,&quot;2&quot;:0}},{&quot;1&quot;:0,&quot;2&quot;:0,&quot;3&quot;:3},{&quot;1&quot;:1,&quot;2&quot;:0,&quot;4&quot;:1}]},&quot;8&quot;:{&quot;1&quot;:[{&quot;1&quot;:2,&quot;2&quot;:0,&quot;5&quot;:{&quot;1&quot;:2,&quot;2&quot;:0}},{&quot;1&quot;:0,&quot;2&quot;:0,&quot;3&quot;:3},{&quot;1&quot;:1,&quot;2&quot;:0,&quot;4&quot;:1}]},&quot;10&quot;:0,&quot;11&quot;:4,&quot;12&quot;:0,&quot;15&quot;:&quot;Arial&quot;}\">Discover Cala Pregonda and Cala El Pilar, two secluded, picturesque settings with clear waters and stunning landscapes, ideal for tranquil anchorage experiences away from the crowds in Menorca.\u00a0<\/span><\/p><p><span data-sheets-root=\"1\" data-sheets-value=\"{&quot;1&quot;:2,&quot;2&quot;:&quot;Discover Cala Pregonda and Cala El Pilar, two secluded, picturesque settings with clear waters and stunning landscapes, ideal for tranquil anchorage experiences away from the crowds in Menorca. Their natural beauty and relatively untouched surroundings provide opportunities for snorkeling, swimming, and relaxation.&quot;}\" data-sheets-userformat=\"{&quot;2&quot;:5033,&quot;3&quot;:{&quot;1&quot;:0},&quot;6&quot;:{&quot;1&quot;:[{&quot;1&quot;:2,&quot;2&quot;:0,&quot;5&quot;:{&quot;1&quot;:2,&quot;2&quot;:0}},{&quot;1&quot;:0,&quot;2&quot;:0,&quot;3&quot;:3},{&quot;1&quot;:1,&quot;2&quot;:0,&quot;4&quot;:1}]},&quot;8&quot;:{&quot;1&quot;:[{&quot;1&quot;:2,&quot;2&quot;:0,&quot;5&quot;:{&quot;1&quot;:2,&quot;2&quot;:0}},{&quot;1&quot;:0,&quot;2&quot;:0,&quot;3&quot;:3},{&quot;1&quot;:1,&quot;2&quot;:0,&quot;4&quot;:1}]},&quot;10&quot;:0,&quot;11&quot;:4,&quot;12&quot;:0,&quot;15&quot;:&quot;Arial&quot;}\">Their natural beauty and relatively untouched surroundings provide opportunities for snorkeling, swimming, and relaxation.<\/span>\u00a0<\/p>\t\t\t\t\t\t\t\t<\/div>\n\t\t\t\t<\/div>\n\t\t\t\t\t<\/div>\n\t\t\t\t<\/section>\n\t\t<section class=\"elementor-element elementor-element-11f1b14 e-flex e-con-boxed e-con e-parent\" data-id=\"11f1b14\" data-element_type=\"container\">\n\t\t\t\t\t<div class=\"e-con-inner\">\n\t\t<div class=\"elementor-element elementor-element-967c42c e-con-full e-flex e-con e-child\" data-id=\"967c42c\" data-element_type=\"container\">\n\t\t\t\t<div class=\"elementor-element elementor-element-08a0691 elementor-widget elementor-widget-heading\" data-id=\"08a0691\" data-element_type=\"widget\" data-widget_type=\"heading.default\">\n\t\t\t\t\t<p class=\"elementor-heading-title elementor-size-default\">DAY 04<\/p>\t\t\t\t<\/div>\n\t\t\t\t<div class=\"elementor-element elementor-element-7fdd3b1 elementor-widget elementor-widget-heading\" data-id=\"7fdd3b1\" data-element_type=\"widget\" data-widget_type=\"heading.default\">\n\t\t\t\t\t<h3 class=\"elementor-heading-title elementor-size-default\">Ciutadella<\/h3>\t\t\t\t<\/div>\n\t\t\t\t<div class=\"elementor-element elementor-element-7ae8c1a elementor-widget elementor-widget-text-editor\" data-id=\"7ae8c1a\" data-element_type=\"widget\" data-widget_type=\"text-editor.default\">\n\t\t\t\t\t\t\t\t\t<p><span data-sheets-root=\"1\" data-sheets-value=\"{&quot;1&quot;:2,&quot;2&quot;:&quot;Ciutadella\\nOn the western side of the island, is located Ciutadella, the former capital of Menorca.The city boasts a rich architectural heritage, reflecting its history as a prominent port city during numerous maritime expeditions. Notable landmarks include the 13th-century Cathedral and the Castle of San Nicolas. Ciutadella's fantastic restaurants, bars, fish market, and beautiful shops make a really joyful experience when there.&quot;}\" data-sheets-userformat=\"{&quot;2&quot;:5033,&quot;3&quot;:{&quot;1&quot;:0},&quot;6&quot;:{&quot;1&quot;:[{&quot;1&quot;:2,&quot;2&quot;:0,&quot;5&quot;:{&quot;1&quot;:2,&quot;2&quot;:0}},{&quot;1&quot;:0,&quot;2&quot;:0,&quot;3&quot;:3},{&quot;1&quot;:1,&quot;2&quot;:0,&quot;4&quot;:1}]},&quot;8&quot;:{&quot;1&quot;:[{&quot;1&quot;:2,&quot;2&quot;:0,&quot;5&quot;:{&quot;1&quot;:2,&quot;2&quot;:0}},{&quot;1&quot;:0,&quot;2&quot;:0,&quot;3&quot;:3},{&quot;1&quot;:1,&quot;2&quot;:0,&quot;4&quot;:1}]},&quot;10&quot;:0,&quot;11&quot;:4,&quot;12&quot;:0,&quot;15&quot;:&quot;Arial&quot;}\">On the western side of the island, is located Ciutadella, the former capital of Menorca.<\/span><\/p><p><span data-sheets-root=\"1\" data-sheets-value=\"{&quot;1&quot;:2,&quot;2&quot;:&quot;Ciutadella\\nOn the western side of the island, is located Ciutadella, the former capital of Menorca.The city boasts a rich architectural heritage, reflecting its history as a prominent port city during numerous maritime expeditions. Notable landmarks include the 13th-century Cathedral and the Castle of San Nicolas. Ciutadella's fantastic restaurants, bars, fish market, and beautiful shops make a really joyful experience when there.&quot;}\" data-sheets-userformat=\"{&quot;2&quot;:5033,&quot;3&quot;:{&quot;1&quot;:0},&quot;6&quot;:{&quot;1&quot;:[{&quot;1&quot;:2,&quot;2&quot;:0,&quot;5&quot;:{&quot;1&quot;:2,&quot;2&quot;:0}},{&quot;1&quot;:0,&quot;2&quot;:0,&quot;3&quot;:3},{&quot;1&quot;:1,&quot;2&quot;:0,&quot;4&quot;:1}]},&quot;8&quot;:{&quot;1&quot;:[{&quot;1&quot;:2,&quot;2&quot;:0,&quot;5&quot;:{&quot;1&quot;:2,&quot;2&quot;:0}},{&quot;1&quot;:0,&quot;2&quot;:0,&quot;3&quot;:3},{&quot;1&quot;:1,&quot;2&quot;:0,&quot;4&quot;:1}]},&quot;10&quot;:0,&quot;11&quot;:4,&quot;12&quot;:0,&quot;15&quot;:&quot;Arial&quot;}\">The city boasts a rich architectural heritage, reflecting its history as a prominent port city during numerous maritime expeditions. Notable landmarks include the 13th-century Cathedral and the Castle of San Nicolas.\u00a0<\/span><\/p><p><span data-sheets-root=\"1\" data-sheets-value=\"{&quot;1&quot;:2,&quot;2&quot;:&quot;Ciutadella\\nOn the western side of the island, is located Ciutadella, the former capital of Menorca.The city boasts a rich architectural heritage, reflecting its history as a prominent port city during numerous maritime expeditions. Notable landmarks include the 13th-century Cathedral and the Castle of San Nicolas. Ciutadella's fantastic restaurants, bars, fish market, and beautiful shops make a really joyful experience when there.&quot;}\" data-sheets-userformat=\"{&quot;2&quot;:5033,&quot;3&quot;:{&quot;1&quot;:0},&quot;6&quot;:{&quot;1&quot;:[{&quot;1&quot;:2,&quot;2&quot;:0,&quot;5&quot;:{&quot;1&quot;:2,&quot;2&quot;:0}},{&quot;1&quot;:0,&quot;2&quot;:0,&quot;3&quot;:3},{&quot;1&quot;:1,&quot;2&quot;:0,&quot;4&quot;:1}]},&quot;8&quot;:{&quot;1&quot;:[{&quot;1&quot;:2,&quot;2&quot;:0,&quot;5&quot;:{&quot;1&quot;:2,&quot;2&quot;:0}},{&quot;1&quot;:0,&quot;2&quot;:0,&quot;3&quot;:3},{&quot;1&quot;:1,&quot;2&quot;:0,&quot;4&quot;:1}]},&quot;10&quot;:0,&quot;11&quot;:4,&quot;12&quot;:0,&quot;15&quot;:&quot;Arial&quot;}\">Ciutadella&#8217;s fantastic restaurants, bars, fish market, and beautiful shops make a really joyful experience when there.<\/span><\/p>\t\t\t\t\t\t\t\t<\/div>\n\t\t\t\t<\/div>\n\t\t<div class=\"elementor-element elementor-element-21be4a4 e-con-full e-flex e-con e-child\" data-id=\"21be4a4\" data-element_type=\"container\">\n\t\t\t\t<div class=\"elementor-element elementor-element-dd42bd0 elementor-widget elementor-widget-image\" data-id=\"dd42bd0\" data-element_type=\"widget\" data-widget_type=\"image.default\">\n\t\t\t\t\t\t\t\t\t\t\t\t\t\t\t<img decoding=\"async\" width=\"800\" height=\"622\" src=\"https:\/\/www.charteranddreams.com\/wp-content\/uploads\/2024\/02\/ciutadella-menorca-1400x1089.jpg\" class=\"attachment-large size-large wp-image-9231\" alt=\"Ciutadella Menorca\" srcset=\"https:\/\/www.charteranddreams.com\/wp-content\/uploads\/2024\/02\/ciutadella-menorca-1400x1089.jpg 1400w, https:\/\/www.charteranddreams.com\/wp-content\/uploads\/2024\/02\/ciutadella-menorca-992x772.jpg 992w, https:\/\/www.charteranddreams.com\/wp-content\/uploads\/2024\/02\/ciutadella-menorca-768x597.jpg 768w, https:\/\/www.charteranddreams.com\/wp-content\/uploads\/2024\/02\/ciutadella-menorca-1536x1195.jpg 1536w, https:\/\/www.charteranddreams.com\/wp-content\/uploads\/2024\/02\/ciutadella-menorca-2048x1593.jpg 2048w\" sizes=\"(max-width: 800px) 100vw, 800px\" \/>\t\t\t\t\t\t\t\t\t\t\t\t\t\t\t<\/div>\n\t\t\t\t<\/div>\n\t\t\t\t\t<\/div>\n\t\t\t\t<\/section>\n\t\t<section class=\"elementor-element elementor-element-d20843c e-flex e-con-boxed e-con e-parent\" data-id=\"d20843c\" data-element_type=\"container\">\n\t\t\t\t\t<div class=\"e-con-inner\">\n\t\t<div class=\"elementor-element elementor-element-a76cdcf e-con-full e-flex e-con e-child\" data-id=\"a76cdcf\" data-element_type=\"container\">\n\t\t\t\t<div class=\"elementor-element elementor-element-5f1b200 elementor-widget elementor-widget-image\" data-id=\"5f1b200\" data-element_type=\"widget\" data-widget_type=\"image.default\">\n\t\t\t\t\t\t\t\t\t\t\t\t\t\t\t<img decoding=\"async\" width=\"800\" height=\"623\" src=\"https:\/\/www.charteranddreams.com\/wp-content\/uploads\/2024\/02\/menorca2-1.jpg\" class=\"attachment-large size-large wp-image-9228\" alt=\"\" srcset=\"https:\/\/www.charteranddreams.com\/wp-content\/uploads\/2024\/02\/menorca2-1.jpg 1285w, https:\/\/www.charteranddreams.com\/wp-content\/uploads\/2024\/02\/menorca2-1-992x772.jpg 992w, https:\/\/www.charteranddreams.com\/wp-content\/uploads\/2024\/02\/menorca2-1-768x598.jpg 768w\" sizes=\"(max-width: 800px) 100vw, 800px\" \/>\t\t\t\t\t\t\t\t\t\t\t\t\t\t\t<\/div>\n\t\t\t\t<\/div>\n\t\t<div class=\"elementor-element elementor-element-e1091f2 e-con-full e-flex e-con e-child\" data-id=\"e1091f2\" data-element_type=\"container\">\n\t\t\t\t<div class=\"elementor-element elementor-element-667e5ca elementor-widget elementor-widget-heading\" data-id=\"667e5ca\" data-element_type=\"widget\" data-widget_type=\"heading.default\">\n\t\t\t\t\t<p class=\"elementor-heading-title elementor-size-default\">DAY 05<\/p>\t\t\t\t<\/div>\n\t\t\t\t<div class=\"elementor-element elementor-element-23f9074 elementor-widget elementor-widget-heading\" data-id=\"23f9074\" data-element_type=\"widget\" data-widget_type=\"heading.default\">\n\t\t\t\t\t<h3 class=\"elementor-heading-title elementor-size-default\">Cala Turqueta &amp; Macarella<\/h3>\t\t\t\t<\/div>\n\t\t\t\t<div class=\"elementor-element elementor-element-f86dcd7 elementor-widget elementor-widget-text-editor\" data-id=\"f86dcd7\" data-element_type=\"widget\" data-widget_type=\"text-editor.default\">\n\t\t\t\t\t\t\t\t\t<p><span data-sheets-root=\"1\" data-sheets-value=\"{&quot;1&quot;:2,&quot;2&quot;:&quot;Continuing our route, we will pass by Cala Blanca on the west coast, to go along the south coast where we can access the most famous beaches of Menorca with white sand and turquoise waters that are more reminiscent of the Caribbean, such as: Cala en Bosc, Cala Turqueta, Cala Macarella, Cala Galdana, we can stop at some of them to enjoy their surroundings and a good swim.&quot;}\" data-sheets-userformat=\"{&quot;2&quot;:5033,&quot;3&quot;:{&quot;1&quot;:0},&quot;6&quot;:{&quot;1&quot;:[{&quot;1&quot;:2,&quot;2&quot;:0,&quot;5&quot;:{&quot;1&quot;:2,&quot;2&quot;:0}},{&quot;1&quot;:0,&quot;2&quot;:0,&quot;3&quot;:3},{&quot;1&quot;:1,&quot;2&quot;:0,&quot;4&quot;:1}]},&quot;8&quot;:{&quot;1&quot;:[{&quot;1&quot;:2,&quot;2&quot;:0,&quot;5&quot;:{&quot;1&quot;:2,&quot;2&quot;:0}},{&quot;1&quot;:0,&quot;2&quot;:0,&quot;3&quot;:3},{&quot;1&quot;:1,&quot;2&quot;:0,&quot;4&quot;:1}]},&quot;10&quot;:0,&quot;11&quot;:4,&quot;12&quot;:0,&quot;15&quot;:&quot;Arial&quot;}\">Continuing our route, we will pass by Cala Blanca on the west coast, to go along the south coast where we can access the most famous beaches of Menorca with white sand and turquoise waters that are more reminiscent of the Caribbean, such as: Cala en Bosc, Cala Mitjana, Cala Turqueta, Cala Macarella, Cala Galdana, we can stop at some of them to enjoy their surroundings and a good swim.<\/span><\/p>\t\t\t\t\t\t\t\t<\/div>\n\t\t\t\t<\/div>\n\t\t\t\t\t<\/div>\n\t\t\t\t<\/section>\n\t\t<section class=\"elementor-element elementor-element-55c624f e-flex e-con-boxed e-con e-parent\" data-id=\"55c624f\" data-element_type=\"container\">\n\t\t\t\t\t<div class=\"e-con-inner\">\n\t\t<div class=\"elementor-element elementor-element-f878cc6 e-con-full e-flex e-con e-child\" data-id=\"f878cc6\" data-element_type=\"container\">\n\t\t\t\t<div class=\"elementor-element elementor-element-422891d elementor-widget elementor-widget-heading\" data-id=\"422891d\" data-element_type=\"widget\" data-widget_type=\"heading.default\">\n\t\t\t\t\t<p class=\"elementor-heading-title elementor-size-default\">DAY 06<\/p>\t\t\t\t<\/div>\n\t\t\t\t<div class=\"elementor-element elementor-element-95b30c5 elementor-widget elementor-widget-heading\" data-id=\"95b30c5\" data-element_type=\"widget\" data-widget_type=\"heading.default\">\n\t\t\t\t\t<h3 class=\"elementor-heading-title elementor-size-default\">Calas Covas<\/h3>\t\t\t\t<\/div>\n\t\t\t\t<div class=\"elementor-element elementor-element-95c9ee8 elementor-widget elementor-widget-text-editor\" data-id=\"95c9ee8\" data-element_type=\"widget\" data-widget_type=\"text-editor.default\">\n\t\t\t\t\t\t\t\t\t<p><span data-sheets-root=\"1\" data-sheets-value=\"{&quot;1&quot;:2,&quot;2&quot;:&quot;We will stop at some of the most stunning beaches along the south coast, until we reach Calas Covas, surrounded by caves in the rocks and close to Cala En Porter, one of the most beautiful beaches on the island with large cliffs. In this area of caves you can enjoy the sunset over the sea and visit Cova d'en Xoroi, a discotheque located in a spectacular setting, a cave with terraces and sea views.&quot;}\" data-sheets-userformat=\"{&quot;2&quot;:5033,&quot;3&quot;:{&quot;1&quot;:0},&quot;6&quot;:{&quot;1&quot;:[{&quot;1&quot;:2,&quot;2&quot;:0,&quot;5&quot;:{&quot;1&quot;:2,&quot;2&quot;:0}},{&quot;1&quot;:0,&quot;2&quot;:0,&quot;3&quot;:3},{&quot;1&quot;:1,&quot;2&quot;:0,&quot;4&quot;:1}]},&quot;8&quot;:{&quot;1&quot;:[{&quot;1&quot;:2,&quot;2&quot;:0,&quot;5&quot;:{&quot;1&quot;:2,&quot;2&quot;:0}},{&quot;1&quot;:0,&quot;2&quot;:0,&quot;3&quot;:3},{&quot;1&quot;:1,&quot;2&quot;:0,&quot;4&quot;:1}]},&quot;10&quot;:0,&quot;11&quot;:4,&quot;12&quot;:0,&quot;15&quot;:&quot;Arial&quot;}\">We will stop at some of the most stunning beaches along the south coast, until we reach Calas Covas, surrounded by caves in the rocks and close to Cala En Porter, one of the most beautiful beaches on the island with large cliffs.<\/span><\/p><p><span data-sheets-root=\"1\" data-sheets-value=\"{&quot;1&quot;:2,&quot;2&quot;:&quot;We will stop at some of the most stunning beaches along the south coast, until we reach Calas Covas, surrounded by caves in the rocks and close to Cala En Porter, one of the most beautiful beaches on the island with large cliffs. In this area of caves you can enjoy the sunset over the sea and visit Cova d'en Xoroi, a discotheque located in a spectacular setting, a cave with terraces and sea views.&quot;}\" data-sheets-userformat=\"{&quot;2&quot;:5033,&quot;3&quot;:{&quot;1&quot;:0},&quot;6&quot;:{&quot;1&quot;:[{&quot;1&quot;:2,&quot;2&quot;:0,&quot;5&quot;:{&quot;1&quot;:2,&quot;2&quot;:0}},{&quot;1&quot;:0,&quot;2&quot;:0,&quot;3&quot;:3},{&quot;1&quot;:1,&quot;2&quot;:0,&quot;4&quot;:1}]},&quot;8&quot;:{&quot;1&quot;:[{&quot;1&quot;:2,&quot;2&quot;:0,&quot;5&quot;:{&quot;1&quot;:2,&quot;2&quot;:0}},{&quot;1&quot;:0,&quot;2&quot;:0,&quot;3&quot;:3},{&quot;1&quot;:1,&quot;2&quot;:0,&quot;4&quot;:1}]},&quot;10&quot;:0,&quot;11&quot;:4,&quot;12&quot;:0,&quot;15&quot;:&quot;Arial&quot;}\">In this area of caves you can enjoy the sunset over the sea and visit Cova d&#8217;en Xoroi, a discotheque located in a spectacular setting, a cave with terraces and sea views.<\/span><\/p>\t\t\t\t\t\t\t\t<\/div>\n\t\t\t\t<\/div>\n\t\t<div class=\"elementor-element elementor-element-ff923bf e-con-full e-flex e-con e-child\" data-id=\"ff923bf\" data-element_type=\"container\">\n\t\t\t\t<div class=\"elementor-element elementor-element-2505fc9 elementor-widget elementor-widget-image\" data-id=\"2505fc9\" data-element_type=\"widget\" data-widget_type=\"image.default\">\n\t\t\t\t\t\t\t\t\t\t\t\t\t\t\t<img decoding=\"async\" width=\"800\" height=\"622\" src=\"https:\/\/www.charteranddreams.com\/wp-content\/uploads\/2024\/02\/cova-xoroi-menorca-1400x1089.jpg\" class=\"attachment-large size-large wp-image-9225\" alt=\"Cova Xoroi Menorca\" srcset=\"https:\/\/www.charteranddreams.com\/wp-content\/uploads\/2024\/02\/cova-xoroi-menorca-1400x1089.jpg 1400w, https:\/\/www.charteranddreams.com\/wp-content\/uploads\/2024\/02\/cova-xoroi-menorca-992x771.jpg 992w, https:\/\/www.charteranddreams.com\/wp-content\/uploads\/2024\/02\/cova-xoroi-menorca-768x597.jpg 768w, https:\/\/www.charteranddreams.com\/wp-content\/uploads\/2024\/02\/cova-xoroi-menorca-1536x1194.jpg 1536w, https:\/\/www.charteranddreams.com\/wp-content\/uploads\/2024\/02\/cova-xoroi-menorca-2048x1593.jpg 2048w\" sizes=\"(max-width: 800px) 100vw, 800px\" \/>\t\t\t\t\t\t\t\t\t\t\t\t\t\t\t<\/div>\n\t\t\t\t<\/div>\n\t\t\t\t\t<\/div>\n\t\t\t\t<\/section>\n\t\t<section class=\"elementor-element elementor-element-343b393 e-flex e-con-boxed e-con e-parent\" data-id=\"343b393\" data-element_type=\"container\">\n\t\t\t\t\t<div class=\"e-con-inner\">\n\t\t<div class=\"elementor-element elementor-element-ef06938 e-con-full e-flex e-con e-child\" data-id=\"ef06938\" data-element_type=\"container\">\n\t\t\t\t<div class=\"elementor-element elementor-element-9969248 elementor-widget elementor-widget-image\" data-id=\"9969248\" data-element_type=\"widget\" data-widget_type=\"image.default\">\n\t\t\t\t\t\t\t\t\t\t\t\t\t\t\t<img decoding=\"async\" width=\"800\" height=\"622\" src=\"https:\/\/www.charteranddreams.com\/wp-content\/uploads\/2024\/02\/binibeca-menorca-1400x1089.jpg\" class=\"attachment-large size-large wp-image-9212\" alt=\"Fishing village of Binibeca, Menorca, Spain\" srcset=\"https:\/\/www.charteranddreams.com\/wp-content\/uploads\/2024\/02\/binibeca-menorca-1400x1089.jpg 1400w, https:\/\/www.charteranddreams.com\/wp-content\/uploads\/2024\/02\/binibeca-menorca-992x772.jpg 992w, https:\/\/www.charteranddreams.com\/wp-content\/uploads\/2024\/02\/binibeca-menorca-768x597.jpg 768w, https:\/\/www.charteranddreams.com\/wp-content\/uploads\/2024\/02\/binibeca-menorca-1536x1195.jpg 1536w, https:\/\/www.charteranddreams.com\/wp-content\/uploads\/2024\/02\/binibeca-menorca-2048x1593.jpg 2048w\" sizes=\"(max-width: 800px) 100vw, 800px\" \/>\t\t\t\t\t\t\t\t\t\t\t\t\t\t\t<\/div>\n\t\t\t\t<\/div>\n\t\t<div class=\"elementor-element elementor-element-87a601e e-con-full e-flex e-con e-child\" data-id=\"87a601e\" data-element_type=\"container\">\n\t\t\t\t<div class=\"elementor-element elementor-element-08a04c2 elementor-widget elementor-widget-heading\" data-id=\"08a04c2\" data-element_type=\"widget\" data-widget_type=\"heading.default\">\n\t\t\t\t\t<p class=\"elementor-heading-title elementor-size-default\">DAY 07\n<\/p>\t\t\t\t<\/div>\n\t\t\t\t<div class=\"elementor-element elementor-element-5a22bba elementor-widget elementor-widget-heading\" data-id=\"5a22bba\" data-element_type=\"widget\" data-widget_type=\"heading.default\">\n\t\t\t\t\t<h3 class=\"elementor-heading-title elementor-size-default\">Binibeca &amp; Punta Prima<\/h3>\t\t\t\t<\/div>\n\t\t\t\t<div class=\"elementor-element elementor-element-5a4bea1 elementor-widget elementor-widget-text-editor\" data-id=\"5a4bea1\" data-element_type=\"widget\" data-widget_type=\"text-editor.default\">\n\t\t\t\t\t\t\t\t\t<p><span data-sheets-root=\"1\" data-sheets-value=\"{&quot;1&quot;:2,&quot;2&quot;:&quot;On the last day of the trip we will pass by the beaches of Binibeca, a charming coastal village located on the southeastern coast of Menorca, known for its picturesque white-washed buildings and narrow winding streets. We will also stop ancjor at Binisafuller, until we reach Punta Prima and from there we will be able to see the lighthouse of Isla del Aire and Cala Acaufar.&quot;}\" data-sheets-userformat=\"{&quot;2&quot;:5033,&quot;3&quot;:{&quot;1&quot;:0},&quot;6&quot;:{&quot;1&quot;:[{&quot;1&quot;:2,&quot;2&quot;:0,&quot;5&quot;:{&quot;1&quot;:2,&quot;2&quot;:0}},{&quot;1&quot;:0,&quot;2&quot;:0,&quot;3&quot;:3},{&quot;1&quot;:1,&quot;2&quot;:0,&quot;4&quot;:1}]},&quot;8&quot;:{&quot;1&quot;:[{&quot;1&quot;:2,&quot;2&quot;:0,&quot;5&quot;:{&quot;1&quot;:2,&quot;2&quot;:0}},{&quot;1&quot;:0,&quot;2&quot;:0,&quot;3&quot;:3},{&quot;1&quot;:1,&quot;2&quot;:0,&quot;4&quot;:1}]},&quot;10&quot;:0,&quot;11&quot;:4,&quot;12&quot;:0,&quot;15&quot;:&quot;Arial&quot;}\">On the last day of the trip we will pass by the beaches of Binibeca, a charming coastal village located on the southeastern coast of Menorca, known for its picturesque white-washed buildings and narrow winding streets.\u00a0<\/span><\/p><p><span data-sheets-root=\"1\" data-sheets-value=\"{&quot;1&quot;:2,&quot;2&quot;:&quot;On the last day of the trip we will pass by the beaches of Binibeca, a charming coastal village located on the southeastern coast of Menorca, known for its picturesque white-washed buildings and narrow winding streets. We will also stop ancjor at Binisafuller, until we reach Punta Prima and from there we will be able to see the lighthouse of Isla del Aire and Cala Acaufar.&quot;}\" data-sheets-userformat=\"{&quot;2&quot;:5033,&quot;3&quot;:{&quot;1&quot;:0},&quot;6&quot;:{&quot;1&quot;:[{&quot;1&quot;:2,&quot;2&quot;:0,&quot;5&quot;:{&quot;1&quot;:2,&quot;2&quot;:0}},{&quot;1&quot;:0,&quot;2&quot;:0,&quot;3&quot;:3},{&quot;1&quot;:1,&quot;2&quot;:0,&quot;4&quot;:1}]},&quot;8&quot;:{&quot;1&quot;:[{&quot;1&quot;:2,&quot;2&quot;:0,&quot;5&quot;:{&quot;1&quot;:2,&quot;2&quot;:0}},{&quot;1&quot;:0,&quot;2&quot;:0,&quot;3&quot;:3},{&quot;1&quot;:1,&quot;2&quot;:0,&quot;4&quot;:1}]},&quot;10&quot;:0,&quot;11&quot;:4,&quot;12&quot;:0,&quot;15&quot;:&quot;Arial&quot;}\">We will also stop at Binisafuller, until we reach Punta Prima and from there we will be able to see the lighthouse of Isla del Aire and Cala Acaufar.<\/span><\/p>\t\t\t\t\t\t\t\t<\/div>\n\t\t\t\t<\/div>\n\t\t\t\t\t<\/div>\n\t\t\t\t<\/section>\n\t\t<section class=\"elementor-element elementor-element-a92e22d e-flex e-con-boxed e-con e-parent\" data-id=\"a92e22d\" data-element_type=\"container\">\n\t\t\t\t\t<div class=\"e-con-inner\">\n\t\t<div class=\"elementor-element elementor-element-73fb7a6 e-con-full e-flex e-con e-child\" data-id=\"73fb7a6\" data-element_type=\"container\">\n\t\t\t\t<div class=\"elementor-element elementor-element-1441559 elementor-widget elementor-widget-heading\" data-id=\"1441559\" data-element_type=\"widget\" data-widget_type=\"heading.default\">\n\t\t\t\t\t<p class=\"elementor-heading-title elementor-size-default\">DAY 08<\/p>\t\t\t\t<\/div>\n\t\t\t\t<div class=\"elementor-element elementor-element-c7592d4 elementor-widget elementor-widget-heading\" data-id=\"c7592d4\" data-element_type=\"widget\" data-widget_type=\"heading.default\">\n\t\t\t\t\t<h3 class=\"elementor-heading-title elementor-size-default\">Mah\u00f3n<\/h3>\t\t\t\t<\/div>\n\t\t\t\t<div class=\"elementor-element elementor-element-0b46bdb elementor-widget elementor-widget-text-editor\" data-id=\"0b46bdb\" data-element_type=\"widget\" data-widget_type=\"text-editor.default\">\n\t\t\t\t\t\t\t\t\t<p><span data-sheets-root=\"1\" data-sheets-value=\"{&quot;1&quot;:2,&quot;2&quot;:&quot;Mah\u00f3n\\nToday we complete the itinerary in a relaxed atmosphere.\\nThe crew will prepare one last delightful breakfast or brunch on board, and you will be able to savor the final moments of the journey.\\nBon voyage!&quot;}\" data-sheets-userformat=\"{&quot;2&quot;:5033,&quot;3&quot;:{&quot;1&quot;:0},&quot;6&quot;:{&quot;1&quot;:[{&quot;1&quot;:2,&quot;2&quot;:0,&quot;5&quot;:{&quot;1&quot;:2,&quot;2&quot;:0}},{&quot;1&quot;:0,&quot;2&quot;:0,&quot;3&quot;:3},{&quot;1&quot;:1,&quot;2&quot;:0,&quot;4&quot;:1}]},&quot;8&quot;:{&quot;1&quot;:[{&quot;1&quot;:2,&quot;2&quot;:0,&quot;5&quot;:{&quot;1&quot;:2,&quot;2&quot;:0}},{&quot;1&quot;:0,&quot;2&quot;:0,&quot;3&quot;:3},{&quot;1&quot;:1,&quot;2&quot;:0,&quot;4&quot;:1}]},&quot;10&quot;:0,&quot;11&quot;:4,&quot;12&quot;:0,&quot;15&quot;:&quot;Arial&quot;}\">Today we finish the itinerary in a relaxed atmosphere.<br \/>The crew will prepare one last delicious breakfast on board, and you will be able to savor the final moments of the journey doing some shopping in the city.<br \/>Bon voyage!<\/span><\/p>\t\t\t\t\t\t\t\t<\/div>\n\t\t\t\t<\/div>\n\t\t<div class=\"elementor-element elementor-element-3c8a43e e-con-full e-flex e-con e-child\" data-id=\"3c8a43e\" data-element_type=\"container\">\n\t\t\t\t<div class=\"elementor-element elementor-element-2b095a3 elementor-widget elementor-widget-image\" data-id=\"2b095a3\" data-element_type=\"widget\" data-widget_type=\"image.default\">\n\t\t\t\t\t\t\t\t\t\t\t\t\t\t\t<img decoding=\"async\" width=\"800\" height=\"622\" src=\"https:\/\/www.charteranddreams.com\/wp-content\/uploads\/2024\/02\/shopping-menorca-1400x1089.jpg\" class=\"attachment-large size-large wp-image-9237\" alt=\"Multicolor abarques. Typical shoes from Menorca.\" srcset=\"https:\/\/www.charteranddreams.com\/wp-content\/uploads\/2024\/02\/shopping-menorca-1400x1089.jpg 1400w, https:\/\/www.charteranddreams.com\/wp-content\/uploads\/2024\/02\/shopping-menorca-992x772.jpg 992w, https:\/\/www.charteranddreams.com\/wp-content\/uploads\/2024\/02\/shopping-menorca-768x597.jpg 768w, https:\/\/www.charteranddreams.com\/wp-content\/uploads\/2024\/02\/shopping-menorca-1536x1195.jpg 1536w, https:\/\/www.charteranddreams.com\/wp-content\/uploads\/2024\/02\/shopping-menorca-2048x1593.jpg 2048w\" sizes=\"(max-width: 800px) 100vw, 800px\" \/>\t\t\t\t\t\t\t\t\t\t\t\t\t\t\t<\/div>\n\t\t\t\t<\/div>\n\t\t\t\t\t<\/div>\n\t\t\t\t<\/section>\n\t\t<div class=\"elementor-element elementor-element-2124f1c e-flex e-con-boxed e-con e-parent\" data-id=\"2124f1c\" data-element_type=\"container\" data-settings=\"{&quot;background_background&quot;:&quot;classic&quot;}\">\n\t\t\t\t\t<div class=\"e-con-inner\">\n\t\t\t\t<div class=\"elementor-element elementor-element-312083d elementor-widget elementor-widget-shortcode\" data-id=\"312083d\" data-element_type=\"widget\" data-widget_type=\"shortcode.default\">\n\t\t\t\t\t\t\t<div class=\"elementor-shortcode\">      <div class=\"elementor-element elementor-widget elementor-widget-text-editor destinationcta\" data-element_type=\"widget\" data-widget_type=\"text-editor.default\">\n\t\t\t\t<div class=\"elementor-widget-container\">\n          <p>\u00a1Descubre tu <em>itinerario personalizado<\/em> hoy mismo! Este es solo un ejemplo, dise\u00f1emos juntos la aventura perfecta para ti.<\/p>\n        <\/div>\n\t\t\t<\/div>\n      <\/div>\n\t\t\t\t\t\t<\/div>\n\t\t\t\t<div class=\"elementor-element elementor-element-9bff831 elementor-widget elementor-widget-shortcode\" data-id=\"9bff831\" data-element_type=\"widget\" data-widget_type=\"shortcode.default\">\n\t\t\t\t\t\t\t<div class=\"elementor-shortcode\">    <div class=\"elementor-element elementor-widget elementor-widget-button destinationcta\" data-element_type=\"widget\" data-widget_type=\"button.default\">\n      <div class=\"elementor-widget-container\">\n        <div class=\"elementor-button-wrapper\">\n          <button class=\"elementor-button elementor-button-link elementor-size-sm openEnquireModal\" >\u00a1Cont\u00e1ctanos para m\u00e1s informaci\u00f3n!<\/button>\n        <\/div>\n      <\/div>\n    <\/div>\n    <\/div>\n\t\t\t\t\t\t<\/div>\n\t\t\t\t\t<\/div>\n\t\t\t\t<\/div>\n\t\t<div class=\"elementor-element elementor-element-ee04250 e-flex e-con-boxed e-con e-parent\" data-id=\"ee04250\" data-element_type=\"container\" data-settings=\"{&quot;background_background&quot;:&quot;classic&quot;}\">\n\t\t\t\t\t<div class=\"e-con-inner\">\n\t\t<div class=\"elementor-element elementor-element-afefece e-con-full e-flex e-con e-child\" data-id=\"afefece\" data-element_type=\"container\">\n\t\t\t\t<div class=\"elementor-element elementor-element-d99b9e0 elementor-widget__width-initial elementor-widget elementor-widget-text-editor\" data-id=\"d99b9e0\" data-element_type=\"widget\" data-widget_type=\"text-editor.default\">\n\t\t\t\t\t\t\t\t\t<p>\u00abMenorca, the most unspoilt island of the Balearic Islands, is a paradise of turquoise waters and virgin beaches, full of magical places that only a privileged few know about. I&#8217;m excited to share my favorite places!\u00bb<\/p>\t\t\t\t\t\t\t\t<\/div>\n\t\t\t\t<div class=\"elementor-element elementor-element-bbfdc1b elementor-widget__width-initial elementor-widget elementor-widget-text-editor\" data-id=\"bbfdc1b\" data-element_type=\"widget\" data-widget_type=\"text-editor.default\">\n\t\t\t\t\t\t\t\t\t<p>Judith Estrella, Co-Founder of Charter&amp;Dreams<\/p>\t\t\t\t\t\t\t\t<\/div>\n\t\t\t\t<\/div>\n\t\t<div class=\"elementor-element elementor-element-bedf81f e-con-full e-flex e-con e-child\" data-id=\"bedf81f\" data-element_type=\"container\">\n\t\t\t\t<div class=\"elementor-element elementor-element-06b4ab5 elementor-widget elementor-widget-image\" data-id=\"06b4ab5\" data-element_type=\"widget\" data-widget_type=\"image.default\">\n\t\t\t\t\t\t\t\t\t\t\t\t\t\t\t<img decoding=\"async\" width=\"800\" height=\"789\" src=\"https:\/\/www.charteranddreams.com\/wp-content\/uploads\/2023\/12\/JudithEstrella-1400x1380.jpg\" class=\"attachment-large size-large wp-image-5283\" alt=\"\" srcset=\"https:\/\/www.charteranddreams.com\/wp-content\/uploads\/2023\/12\/JudithEstrella-1400x1380.jpg 1400w, https:\/\/www.charteranddreams.com\/wp-content\/uploads\/2023\/12\/JudithEstrella-992x978.jpg 992w, https:\/\/www.charteranddreams.com\/wp-content\/uploads\/2023\/12\/JudithEstrella-768x757.jpg 768w, https:\/\/www.charteranddreams.com\/wp-content\/uploads\/2023\/12\/JudithEstrella-1536x1514.jpg 1536w, https:\/\/www.charteranddreams.com\/wp-content\/uploads\/2023\/12\/JudithEstrella-2048x2019.jpg 2048w\" sizes=\"(max-width: 800px) 100vw, 800px\" \/>\t\t\t\t\t\t\t\t\t\t\t\t\t\t\t<\/div>\n\t\t\t\t<\/div>\n\t\t\t\t\t<\/div>\n\t\t\t\t<\/div>\n\t\t<div class=\"elementor-element elementor-element-004e58b e-flex e-con-boxed e-con e-parent\" data-id=\"004e58b\" data-element_type=\"container\" id=\"spots\" data-settings=\"{&quot;background_background&quot;:&quot;classic&quot;}\">\n\t\t\t\t\t<div class=\"e-con-inner\">\n\t\t<div class=\"elementor-element elementor-element-f41535a e-con-full e-flex e-con e-child\" data-id=\"f41535a\" data-element_type=\"container\" data-settings=\"{&quot;background_background&quot;:&quot;classic&quot;}\">\n\t\t<div class=\"elementor-element elementor-element-e266a1f e-con-full e-flex e-con e-child\" data-id=\"e266a1f\" data-element_type=\"container\" data-settings=\"{&quot;background_background&quot;:&quot;classic&quot;}\">\n\t\t\t\t<div class=\"elementor-element elementor-element-2c78376 elementor-hidden-desktop elementor-hidden-tablet elementor-widget elementor-widget-image\" data-id=\"2c78376\" data-element_type=\"widget\" data-widget_type=\"image.default\">\n\t\t\t\t\t\t\t\t\t\t\t\t\t\t\t<img decoding=\"async\" width=\"992\" height=\"771\" src=\"https:\/\/www.charteranddreams.com\/wp-content\/uploads\/2024\/02\/isabella-menorca1-992x771.jpg\" class=\"attachment-medium size-medium wp-image-9243\" alt=\"\" srcset=\"https:\/\/www.charteranddreams.com\/wp-content\/uploads\/2024\/02\/isabella-menorca1-992x771.jpg 992w, https:\/\/www.charteranddreams.com\/wp-content\/uploads\/2024\/02\/isabella-menorca1-768x597.jpg 768w, https:\/\/www.charteranddreams.com\/wp-content\/uploads\/2024\/02\/isabella-menorca1.jpg 1371w\" sizes=\"(max-width: 992px) 100vw, 992px\" \/>\t\t\t\t\t\t\t\t\t\t\t\t\t\t\t<\/div>\n\t\t\t\t<div class=\"elementor-element elementor-element-c02f14e elementor-widget__width-initial elementor-widget elementor-widget-heading\" data-id=\"c02f14e\" data-element_type=\"widget\" data-widget_type=\"heading.default\">\n\t\t\t\t\t<h3 class=\"elementor-heading-title elementor-size-default\">MENORCA HOTSPOTS<\/h3>\t\t\t\t<\/div>\n\t\t\t\t<div class=\"elementor-element elementor-element-e22ddf8 elementor-widget__width-initial elementor-widget elementor-widget-heading\" data-id=\"e22ddf8\" data-element_type=\"widget\" data-widget_type=\"heading.default\">\n\t\t\t\t\t<h3 class=\"elementor-heading-title elementor-size-default\">Isabella Beach Club<\/h3>\t\t\t\t<\/div>\n\t\t\t\t<div class=\"elementor-element elementor-element-fe14cfb elementor-widget__width-initial elementor-widget elementor-widget-text-editor\" data-id=\"fe14cfb\" data-element_type=\"widget\" data-widget_type=\"text-editor.default\">\n\t\t\t\t\t\t\t\t\t<p><span data-sheets-root=\"1\" data-sheets-value=\"{&quot;1&quot;:2,&quot;2&quot;:&quot;Isabella is undoubtedly a must if you are in Menorca. With a privileged location, in Playas de Fornells, you can contemplate a beautiful landscape and a dream sunset, carefully decorated, in the purest Mediterranean style, with Menorcan chairs and a proposal of fusion cuisine dishes, the best sushi, grilled meats...&quot;}\" data-sheets-userformat=\"{&quot;2&quot;:5033,&quot;3&quot;:{&quot;1&quot;:0},&quot;6&quot;:{&quot;1&quot;:[{&quot;1&quot;:2,&quot;2&quot;:0,&quot;5&quot;:{&quot;1&quot;:2,&quot;2&quot;:0}},{&quot;1&quot;:0,&quot;2&quot;:0,&quot;3&quot;:3},{&quot;1&quot;:1,&quot;2&quot;:0,&quot;4&quot;:1}]},&quot;8&quot;:{&quot;1&quot;:[{&quot;1&quot;:2,&quot;2&quot;:0,&quot;5&quot;:{&quot;1&quot;:2,&quot;2&quot;:0}},{&quot;1&quot;:0,&quot;2&quot;:0,&quot;3&quot;:3},{&quot;1&quot;:1,&quot;2&quot;:0,&quot;4&quot;:1}]},&quot;10&quot;:0,&quot;11&quot;:4,&quot;12&quot;:0,&quot;15&quot;:&quot;Arial&quot;}\">Isabella is undoubtedly a must if you are in Menorca. With a privileged location, in Playas de Fornells, you can contemplate a beautiful landscape and a dream sunset, carefully decorated, in the purest Mediterranean style, with Menorcan chairs and a proposal of fusion cuisine dishes, the best sushi, grilled meats&#8230;<\/span><\/p>\t\t\t\t\t\t\t\t<\/div>\n\t\t\t\t<\/div>\n\t\t\t\t<\/div>\n\t\t\t\t\t<\/div>\n\t\t\t\t<\/div>\n\t\t<div class=\"elementor-element elementor-element-12427d6 e-flex e-con-boxed e-con e-parent\" data-id=\"12427d6\" data-element_type=\"container\" data-settings=\"{&quot;background_background&quot;:&quot;classic&quot;}\">\n\t\t\t\t\t<div class=\"e-con-inner\">\n\t\t<div class=\"elementor-element elementor-element-df4747e e-con-full e-flex e-con e-child\" data-id=\"df4747e\" data-element_type=\"container\" data-settings=\"{&quot;background_background&quot;:&quot;classic&quot;}\">\n\t\t<div class=\"elementor-element elementor-element-3cc89de e-con-full e-flex e-con e-child\" data-id=\"3cc89de\" data-element_type=\"container\" data-settings=\"{&quot;background_background&quot;:&quot;classic&quot;}\">\n\t\t\t\t<div class=\"elementor-element elementor-element-6e2565b elementor-hidden-desktop elementor-hidden-tablet elementor-widget elementor-widget-image\" data-id=\"6e2565b\" data-element_type=\"widget\" data-widget_type=\"image.default\">\n\t\t\t\t\t\t\t\t\t\t\t\t\t\t\t<img decoding=\"async\" width=\"992\" height=\"771\" src=\"https:\/\/www.charteranddreams.com\/wp-content\/uploads\/2024\/02\/macarella-menorca-small-992x771.jpg\" class=\"attachment-medium size-medium wp-image-9288\" alt=\"\" srcset=\"https:\/\/www.charteranddreams.com\/wp-content\/uploads\/2024\/02\/macarella-menorca-small-992x771.jpg 992w, https:\/\/www.charteranddreams.com\/wp-content\/uploads\/2024\/02\/macarella-menorca-small-1400x1089.jpg 1400w, https:\/\/www.charteranddreams.com\/wp-content\/uploads\/2024\/02\/macarella-menorca-small-768x597.jpg 768w, https:\/\/www.charteranddreams.com\/wp-content\/uploads\/2024\/02\/macarella-menorca-small-1536x1195.jpg 1536w, https:\/\/www.charteranddreams.com\/wp-content\/uploads\/2024\/02\/macarella-menorca-small-2048x1593.jpg 2048w\" sizes=\"(max-width: 992px) 100vw, 992px\" \/>\t\t\t\t\t\t\t\t\t\t\t\t\t\t\t<\/div>\n\t\t\t\t<div class=\"elementor-element elementor-element-f3a6382 elementor-widget__width-initial elementor-widget elementor-widget-heading\" data-id=\"f3a6382\" data-element_type=\"widget\" data-widget_type=\"heading.default\">\n\t\t\t\t\t<h3 class=\"elementor-heading-title elementor-size-default\">MENORCA HOTSPOTS<\/h3>\t\t\t\t<\/div>\n\t\t\t\t<div class=\"elementor-element elementor-element-7d58456 elementor-widget__width-initial elementor-widget elementor-widget-heading\" data-id=\"7d58456\" data-element_type=\"widget\" data-widget_type=\"heading.default\">\n\t\t\t\t\t<h3 class=\"elementor-heading-title elementor-size-default\">Cala Macarella<\/h3>\t\t\t\t<\/div>\n\t\t\t\t<div class=\"elementor-element elementor-element-26bd2f5 elementor-widget__width-initial elementor-widget elementor-widget-text-editor\" data-id=\"26bd2f5\" data-element_type=\"widget\" data-widget_type=\"text-editor.default\">\n\t\t\t\t\t\t\t\t\t<p>You can&#8217;t miss Menorca&#8217;s most exquisite beach, known as Cala Macarella. With its stunning semi-circular shape and lush green hills in the backdrop, this beach presents a truly mesmerizing sight. The crystal-clear waters, adorned with an azure hue, add to the allure of this breathtaking destination.<\/p>\t\t\t\t\t\t\t\t<\/div>\n\t\t\t\t<\/div>\n\t\t\t\t<\/div>\n\t\t\t\t\t<\/div>\n\t\t\t\t<\/div>\n\t\t<div class=\"elementor-element elementor-element-ba9c64e e-flex e-con-boxed e-con e-parent\" data-id=\"ba9c64e\" data-element_type=\"container\" data-settings=\"{&quot;background_background&quot;:&quot;classic&quot;}\">\n\t\t\t\t\t<div class=\"e-con-inner\">\n\t\t<div class=\"elementor-element elementor-element-44a841e e-con-full e-flex e-con e-child\" data-id=\"44a841e\" data-element_type=\"container\" data-settings=\"{&quot;background_background&quot;:&quot;classic&quot;}\">\n\t\t<div class=\"elementor-element elementor-element-36a2d19 e-con-full e-flex e-con e-child\" data-id=\"36a2d19\" data-element_type=\"container\" data-settings=\"{&quot;background_background&quot;:&quot;classic&quot;}\">\n\t\t\t\t<div class=\"elementor-element elementor-element-2ee27fe elementor-hidden-desktop elementor-hidden-tablet elementor-widget elementor-widget-image\" data-id=\"2ee27fe\" data-element_type=\"widget\" data-widget_type=\"image.default\">\n\t\t\t\t\t\t\t\t\t\t\t\t\t\t\t<img decoding=\"async\" width=\"992\" height=\"771\" src=\"https:\/\/www.charteranddreams.com\/wp-content\/uploads\/2024\/02\/menorca-5-992x771.jpg\" class=\"attachment-medium size-medium wp-image-9234\" alt=\"\" srcset=\"https:\/\/www.charteranddreams.com\/wp-content\/uploads\/2024\/02\/menorca-5-992x771.jpg 992w, https:\/\/www.charteranddreams.com\/wp-content\/uploads\/2024\/02\/menorca-5-1400x1089.jpg 1400w, https:\/\/www.charteranddreams.com\/wp-content\/uploads\/2024\/02\/menorca-5-768x597.jpg 768w, https:\/\/www.charteranddreams.com\/wp-content\/uploads\/2024\/02\/menorca-5-1536x1195.jpg 1536w, https:\/\/www.charteranddreams.com\/wp-content\/uploads\/2024\/02\/menorca-5-2048x1593.jpg 2048w\" sizes=\"(max-width: 992px) 100vw, 992px\" \/>\t\t\t\t\t\t\t\t\t\t\t\t\t\t\t<\/div>\n\t\t\t\t<div class=\"elementor-element elementor-element-543f204 elementor-widget__width-initial elementor-widget elementor-widget-heading\" data-id=\"543f204\" data-element_type=\"widget\" data-widget_type=\"heading.default\">\n\t\t\t\t\t<h3 class=\"elementor-heading-title elementor-size-default\">MENORCA HOTSPOTS<\/h3>\t\t\t\t<\/div>\n\t\t\t\t<div class=\"elementor-element elementor-element-a2b8c78 elementor-widget__width-initial elementor-widget elementor-widget-heading\" data-id=\"a2b8c78\" data-element_type=\"widget\" data-widget_type=\"heading.default\">\n\t\t\t\t\t<h3 class=\"elementor-heading-title elementor-size-default\">L'Illa de l'Aire<\/h3>\t\t\t\t<\/div>\n\t\t\t\t<div class=\"elementor-element elementor-element-29dd23b elementor-widget__width-initial elementor-widget elementor-widget-text-editor\" data-id=\"29dd23b\" data-element_type=\"widget\" data-widget_type=\"text-editor.default\">\n\t\t\t\t\t\t\t\t\t<p><span data-sheets-root=\"1\" data-sheets-value=\"{&quot;1&quot;:2,&quot;2&quot;:&quot;L'Illa de l'Aire stands as one of Menorca's most extraordinary sites, likely the most challenging lighthouse to reach on the island. Perfect for anchoring, it offers pristine waters for snorkeling amidst its caves and untamed coves, creating an unforgettable experience.&quot;}\" data-sheets-userformat=\"{&quot;2&quot;:5033,&quot;3&quot;:{&quot;1&quot;:0},&quot;6&quot;:{&quot;1&quot;:[{&quot;1&quot;:2,&quot;2&quot;:0,&quot;5&quot;:{&quot;1&quot;:2,&quot;2&quot;:0}},{&quot;1&quot;:0,&quot;2&quot;:0,&quot;3&quot;:3},{&quot;1&quot;:1,&quot;2&quot;:0,&quot;4&quot;:1}]},&quot;8&quot;:{&quot;1&quot;:[{&quot;1&quot;:2,&quot;2&quot;:0,&quot;5&quot;:{&quot;1&quot;:2,&quot;2&quot;:0}},{&quot;1&quot;:0,&quot;2&quot;:0,&quot;3&quot;:3},{&quot;1&quot;:1,&quot;2&quot;:0,&quot;4&quot;:1}]},&quot;10&quot;:0,&quot;11&quot;:4,&quot;12&quot;:0,&quot;15&quot;:&quot;Arial&quot;}\">L&#8217;Illa de l&#8217;Aire stands as one of Menorca&#8217;s most extraordinary sites, likely the most challenging lighthouse to reach on the island. Perfect for anchoring, it offers pristine waters for snorkeling amidst its caves and untamed coves, creating an unforgettable experience.<\/span><\/p>\t\t\t\t\t\t\t\t<\/div>\n\t\t\t\t<\/div>\n\t\t\t\t<\/div>\n\t\t\t\t\t<\/div>\n\t\t\t\t<\/div>\n\t\t<div class=\"elementor-element elementor-element-294c2e9 e-flex e-con-boxed e-con e-parent\" data-id=\"294c2e9\" data-element_type=\"container\" data-settings=\"{&quot;background_background&quot;:&quot;classic&quot;}\">\n\t\t\t\t\t<div class=\"e-con-inner\">\n\t\t<div class=\"elementor-element elementor-element-c2ff231 e-con-full e-flex e-con e-child\" data-id=\"c2ff231\" data-element_type=\"container\" data-settings=\"{&quot;background_background&quot;:&quot;classic&quot;}\">\n\t\t<div class=\"elementor-element elementor-element-eb82c60 e-con-full e-flex e-con e-child\" data-id=\"eb82c60\" data-element_type=\"container\" data-settings=\"{&quot;background_background&quot;:&quot;classic&quot;}\">\n\t\t\t\t<div class=\"elementor-element elementor-element-ec2ad2d elementor-hidden-desktop elementor-hidden-tablet elementor-widget elementor-widget-image\" data-id=\"ec2ad2d\" data-element_type=\"widget\" data-widget_type=\"image.default\">\n\t\t\t\t\t\t\t\t\t\t\t\t\t\t\t<img decoding=\"async\" width=\"992\" height=\"772\" src=\"https:\/\/www.charteranddreams.com\/wp-content\/uploads\/2024\/02\/es-mercadal-small-992x772.jpg\" class=\"attachment-medium size-medium wp-image-9253\" alt=\"\" srcset=\"https:\/\/www.charteranddreams.com\/wp-content\/uploads\/2024\/02\/es-mercadal-small-992x772.jpg 992w, https:\/\/www.charteranddreams.com\/wp-content\/uploads\/2024\/02\/es-mercadal-small-1400x1089.jpg 1400w, https:\/\/www.charteranddreams.com\/wp-content\/uploads\/2024\/02\/es-mercadal-small-768x597.jpg 768w, https:\/\/www.charteranddreams.com\/wp-content\/uploads\/2024\/02\/es-mercadal-small-1536x1195.jpg 1536w, https:\/\/www.charteranddreams.com\/wp-content\/uploads\/2024\/02\/es-mercadal-small.jpg 1800w\" sizes=\"(max-width: 992px) 100vw, 992px\" \/>\t\t\t\t\t\t\t\t\t\t\t\t\t\t\t<\/div>\n\t\t\t\t<div class=\"elementor-element elementor-element-9060417 elementor-widget__width-initial elementor-widget elementor-widget-heading\" data-id=\"9060417\" data-element_type=\"widget\" data-widget_type=\"heading.default\">\n\t\t\t\t\t<h3 class=\"elementor-heading-title elementor-size-default\">MENORCA HOTSPOTS<\/h3>\t\t\t\t<\/div>\n\t\t\t\t<div class=\"elementor-element elementor-element-994a55c elementor-widget__width-initial elementor-widget elementor-widget-heading\" data-id=\"994a55c\" data-element_type=\"widget\" data-widget_type=\"heading.default\">\n\t\t\t\t\t<h3 class=\"elementor-heading-title elementor-size-default\">Es Mercadal<\/h3>\t\t\t\t<\/div>\n\t\t\t\t<div class=\"elementor-element elementor-element-17e5c43 elementor-widget__width-initial elementor-widget elementor-widget-text-editor\" data-id=\"17e5c43\" data-element_type=\"widget\" data-widget_type=\"text-editor.default\">\n\t\t\t\t\t\t\t\t\t<p>Set in the heart of Menorca, the town of Es Mercadal comes alive during the Sant Mart\u00ed celebrations held on the third weekend of July. These festivities prominently feature the revered Menorca horses, adding to the vibrant atmosphere of the event.<\/p>\t\t\t\t\t\t\t\t<\/div>\n\t\t\t\t<\/div>\n\t\t\t\t<\/div>\n\t\t\t\t\t<\/div>\n\t\t\t\t<\/div>\n\t\t<div class=\"elementor-element elementor-element-e7000f2 e-flex e-con-boxed e-con e-parent\" data-id=\"e7000f2\" data-element_type=\"container\" data-settings=\"{&quot;background_background&quot;:&quot;classic&quot;}\">\n\t\t\t\t\t<div class=\"e-con-inner\">\n\t\t<div class=\"elementor-element elementor-element-02d08f4 e-con-full e-flex e-con e-child\" data-id=\"02d08f4\" data-element_type=\"container\" data-settings=\"{&quot;background_background&quot;:&quot;classic&quot;}\">\n\t\t<div class=\"elementor-element elementor-element-bcb4df7 e-con-full e-flex e-con e-child\" data-id=\"bcb4df7\" data-element_type=\"container\" data-settings=\"{&quot;background_background&quot;:&quot;classic&quot;}\">\n\t\t\t\t<div class=\"elementor-element elementor-element-457af2d elementor-hidden-desktop elementor-hidden-tablet elementor-widget elementor-widget-image\" data-id=\"457af2d\" data-element_type=\"widget\" data-widget_type=\"image.default\">\n\t\t\t\t\t\t\t\t\t\t\t\t\t\t\t<img decoding=\"async\" width=\"992\" height=\"772\" src=\"https:\/\/www.charteranddreams.com\/wp-content\/uploads\/2024\/02\/ivette-menorca2-992x772.jpg\" class=\"attachment-medium size-medium wp-image-9262\" alt=\"\" srcset=\"https:\/\/www.charteranddreams.com\/wp-content\/uploads\/2024\/02\/ivette-menorca2-992x772.jpg 992w, https:\/\/www.charteranddreams.com\/wp-content\/uploads\/2024\/02\/ivette-menorca2-768x597.jpg 768w, https:\/\/www.charteranddreams.com\/wp-content\/uploads\/2024\/02\/ivette-menorca2.jpg 1382w\" sizes=\"(max-width: 992px) 100vw, 992px\" \/>\t\t\t\t\t\t\t\t\t\t\t\t\t\t\t<\/div>\n\t\t\t\t<div class=\"elementor-element elementor-element-688e9fb elementor-widget__width-initial elementor-widget elementor-widget-heading\" data-id=\"688e9fb\" data-element_type=\"widget\" data-widget_type=\"heading.default\">\n\t\t\t\t\t<h3 class=\"elementor-heading-title elementor-size-default\">MENORCA HOTSPOTS<\/h3>\t\t\t\t<\/div>\n\t\t\t\t<div class=\"elementor-element elementor-element-ea2d147 elementor-widget__width-initial elementor-widget elementor-widget-heading\" data-id=\"ea2d147\" data-element_type=\"widget\" data-widget_type=\"heading.default\">\n\t\t\t\t\t<h3 class=\"elementor-heading-title elementor-size-default\">Ivette<\/h3>\t\t\t\t<\/div>\n\t\t\t\t<div class=\"elementor-element elementor-element-d9e38ab elementor-widget__width-initial elementor-widget elementor-widget-text-editor\" data-id=\"d9e38ab\" data-element_type=\"widget\" data-widget_type=\"text-editor.default\">\n\t\t\t\t\t\t\t\t\t<p><span data-sheets-root=\"1\" data-sheets-value=\"{&quot;1&quot;:2,&quot;2&quot;:&quot;Ivette Menorca is one of the most beautiful places on the island, located in a cove with a lot of personality, Cala Morell, from where you can contemplate incredible sunsets while enjoying a varied, informal gastronomy to share, based on seafood products in a modern and informal atmosphere.&quot;}\" data-sheets-userformat=\"{&quot;2&quot;:5033,&quot;3&quot;:{&quot;1&quot;:0},&quot;6&quot;:{&quot;1&quot;:[{&quot;1&quot;:2,&quot;2&quot;:0,&quot;5&quot;:{&quot;1&quot;:2,&quot;2&quot;:0}},{&quot;1&quot;:0,&quot;2&quot;:0,&quot;3&quot;:3},{&quot;1&quot;:1,&quot;2&quot;:0,&quot;4&quot;:1}]},&quot;8&quot;:{&quot;1&quot;:[{&quot;1&quot;:2,&quot;2&quot;:0,&quot;5&quot;:{&quot;1&quot;:2,&quot;2&quot;:0}},{&quot;1&quot;:0,&quot;2&quot;:0,&quot;3&quot;:3},{&quot;1&quot;:1,&quot;2&quot;:0,&quot;4&quot;:1}]},&quot;10&quot;:0,&quot;11&quot;:4,&quot;12&quot;:0,&quot;15&quot;:&quot;Arial&quot;}\">Ivette Menorca is one of the most beautiful places on the island, located in a cove with a lot of personality, Cala Morell, from where you can contemplate incredible sunsets while enjoying a varied, informal gastronomy to share, based on seafood products in a modern and informal atmosphere.<\/span><\/p>\t\t\t\t\t\t\t\t<\/div>\n\t\t\t\t<\/div>\n\t\t\t\t<\/div>\n\t\t\t\t\t<\/div>\n\t\t\t\t<\/div>\n\t\t<div class=\"elementor-element elementor-element-f2bb3df e-flex e-con-boxed e-con e-parent\" data-id=\"f2bb3df\" data-element_type=\"container\" data-settings=\"{&quot;background_background&quot;:&quot;classic&quot;}\">\n\t\t\t\t\t<div class=\"e-con-inner\">\n\t\t<div class=\"elementor-element elementor-element-50cbcdc e-con-full e-flex e-con e-child\" data-id=\"50cbcdc\" data-element_type=\"container\" data-settings=\"{&quot;background_background&quot;:&quot;classic&quot;}\">\n\t\t<div class=\"elementor-element elementor-element-d1abb8e e-con-full e-flex e-con e-child\" data-id=\"d1abb8e\" data-element_type=\"container\" data-settings=\"{&quot;background_background&quot;:&quot;classic&quot;}\">\n\t\t\t\t<div class=\"elementor-element elementor-element-ccb9747 elementor-hidden-desktop elementor-hidden-tablet elementor-widget elementor-widget-image\" data-id=\"ccb9747\" data-element_type=\"widget\" data-widget_type=\"image.default\">\n\t\t\t\t\t\t\t\t\t\t\t\t\t\t\t<img decoding=\"async\" width=\"992\" height=\"772\" src=\"https:\/\/www.charteranddreams.com\/wp-content\/uploads\/2024\/02\/xoroi-menorca-1-992x772.jpg\" class=\"attachment-medium size-medium wp-image-9312\" alt=\"\" srcset=\"https:\/\/www.charteranddreams.com\/wp-content\/uploads\/2024\/02\/xoroi-menorca-1-992x772.jpg 992w, https:\/\/www.charteranddreams.com\/wp-content\/uploads\/2024\/02\/xoroi-menorca-1-1400x1089.jpg 1400w, https:\/\/www.charteranddreams.com\/wp-content\/uploads\/2024\/02\/xoroi-menorca-1-768x597.jpg 768w, https:\/\/www.charteranddreams.com\/wp-content\/uploads\/2024\/02\/xoroi-menorca-1-1536x1195.jpg 1536w, https:\/\/www.charteranddreams.com\/wp-content\/uploads\/2024\/02\/xoroi-menorca-1-2048x1593.jpg 2048w\" sizes=\"(max-width: 992px) 100vw, 992px\" \/>\t\t\t\t\t\t\t\t\t\t\t\t\t\t\t<\/div>\n\t\t\t\t<div class=\"elementor-element elementor-element-8f5e6a1 elementor-widget__width-initial elementor-widget elementor-widget-heading\" data-id=\"8f5e6a1\" data-element_type=\"widget\" data-widget_type=\"heading.default\">\n\t\t\t\t\t<h3 class=\"elementor-heading-title elementor-size-default\">MENORCA HOTSPOTS<\/h3>\t\t\t\t<\/div>\n\t\t\t\t<div class=\"elementor-element elementor-element-55b31e1 elementor-widget__width-initial elementor-widget elementor-widget-heading\" data-id=\"55b31e1\" data-element_type=\"widget\" data-widget_type=\"heading.default\">\n\t\t\t\t\t<h3 class=\"elementor-heading-title elementor-size-default\">Cova d'En Xoroi<\/h3>\t\t\t\t<\/div>\n\t\t\t\t<div class=\"elementor-element elementor-element-afeb1ce elementor-widget__width-initial elementor-widget elementor-widget-text-editor\" data-id=\"afeb1ce\" data-element_type=\"widget\" data-widget_type=\"text-editor.default\">\n\t\t\t\t\t\t\t\t\t<p><span data-sheets-root=\"1\" data-sheets-value=\"{&quot;1&quot;:2,&quot;2&quot;:&quot;When it comes to breathtaking settings, few bars rival the stunning location of Cova d\u2019en Xoroi. Nestled into the cliffs of Cala en Porter on the southern coast, its cliffside terraces are a sought-after spot for enjoying sunset drinks.&quot;}\" data-sheets-userformat=\"{&quot;2&quot;:5033,&quot;3&quot;:{&quot;1&quot;:0},&quot;6&quot;:{&quot;1&quot;:[{&quot;1&quot;:2,&quot;2&quot;:0,&quot;5&quot;:{&quot;1&quot;:2,&quot;2&quot;:0}},{&quot;1&quot;:0,&quot;2&quot;:0,&quot;3&quot;:3},{&quot;1&quot;:1,&quot;2&quot;:0,&quot;4&quot;:1}]},&quot;8&quot;:{&quot;1&quot;:[{&quot;1&quot;:2,&quot;2&quot;:0,&quot;5&quot;:{&quot;1&quot;:2,&quot;2&quot;:0}},{&quot;1&quot;:0,&quot;2&quot;:0,&quot;3&quot;:3},{&quot;1&quot;:1,&quot;2&quot;:0,&quot;4&quot;:1}]},&quot;10&quot;:0,&quot;11&quot;:4,&quot;12&quot;:0,&quot;15&quot;:&quot;Arial&quot;}\">When it comes to breathtaking settings, few bars rival the stunning location of Cova d\u2019en Xoroi. Nestled into the cliffs of Cala en Porter on the southern coast, its cliffside terraces are a sought-after spot for enjoying sunset drinks.<\/span><\/p>\t\t\t\t\t\t\t\t<\/div>\n\t\t\t\t<\/div>\n\t\t\t\t<\/div>\n\t\t\t\t\t<\/div>\n\t\t\t\t<\/div>\n\t\t<div class=\"elementor-element elementor-element-5d1c547 e-flex e-con-boxed e-con e-parent\" data-id=\"5d1c547\" data-element_type=\"container\" data-settings=\"{&quot;background_background&quot;:&quot;classic&quot;}\">\n\t\t\t\t\t<div class=\"e-con-inner\">\n\t\t<div class=\"elementor-element elementor-element-c6c6b53 e-con-full e-flex e-con e-child\" data-id=\"c6c6b53\" data-element_type=\"container\" data-settings=\"{&quot;background_background&quot;:&quot;classic&quot;}\">\n\t\t<div class=\"elementor-element elementor-element-17cc011 e-con-full e-flex e-con e-child\" data-id=\"17cc011\" data-element_type=\"container\" data-settings=\"{&quot;background_background&quot;:&quot;classic&quot;}\">\n\t\t\t\t<div class=\"elementor-element elementor-element-bf0c2d9 elementor-hidden-desktop elementor-hidden-tablet elementor-widget elementor-widget-image\" data-id=\"bf0c2d9\" data-element_type=\"widget\" data-widget_type=\"image.default\">\n\t\t\t\t\t\t\t\t\t\t\t\t\t\t\t<img decoding=\"async\" width=\"992\" height=\"772\" src=\"https:\/\/www.charteranddreams.com\/wp-content\/uploads\/2024\/02\/mongofra-menorca-small-992x772.jpg\" class=\"attachment-medium size-medium wp-image-9271\" alt=\"\" srcset=\"https:\/\/www.charteranddreams.com\/wp-content\/uploads\/2024\/02\/mongofra-menorca-small-992x772.jpg 992w, https:\/\/www.charteranddreams.com\/wp-content\/uploads\/2024\/02\/mongofra-menorca-small-1400x1089.jpg 1400w, https:\/\/www.charteranddreams.com\/wp-content\/uploads\/2024\/02\/mongofra-menorca-small-768x598.jpg 768w, https:\/\/www.charteranddreams.com\/wp-content\/uploads\/2024\/02\/mongofra-menorca-small-1536x1195.jpg 1536w, https:\/\/www.charteranddreams.com\/wp-content\/uploads\/2024\/02\/mongofra-menorca-small.jpg 1744w\" sizes=\"(max-width: 992px) 100vw, 992px\" \/>\t\t\t\t\t\t\t\t\t\t\t\t\t\t\t<\/div>\n\t\t\t\t<div class=\"elementor-element elementor-element-67a3936 elementor-widget__width-initial elementor-widget elementor-widget-heading\" data-id=\"67a3936\" data-element_type=\"widget\" data-widget_type=\"heading.default\">\n\t\t\t\t\t<h3 class=\"elementor-heading-title elementor-size-default\">MENORCA HOTSPOTS<\/h3>\t\t\t\t<\/div>\n\t\t\t\t<div class=\"elementor-element elementor-element-21756ca elementor-widget__width-initial elementor-widget elementor-widget-heading\" data-id=\"21756ca\" data-element_type=\"widget\" data-widget_type=\"heading.default\">\n\t\t\t\t\t<h3 class=\"elementor-heading-title elementor-size-default\">Cala Mongofre<\/h3>\t\t\t\t<\/div>\n\t\t\t\t<div class=\"elementor-element elementor-element-cde0d31 elementor-widget__width-initial elementor-widget elementor-widget-text-editor\" data-id=\"cde0d31\" data-element_type=\"widget\" data-widget_type=\"text-editor.default\">\n\t\t\t\t\t\t\t\t\t<p><span data-sheets-root=\"1\" data-sheets-value=\"{&quot;1&quot;:2,&quot;2&quot;:&quot;Cala Mongofre, apart from being a unique and spectacular beach, has the largest dunes on the island. It is only accessible by sea, so it is a very quiet cove. The central area of the beach has a large sandy area, ideal for snorkelling, where we can observe gilthead bream, mullets and other fish&quot;}\" data-sheets-userformat=\"{&quot;2&quot;:5033,&quot;3&quot;:{&quot;1&quot;:0},&quot;6&quot;:{&quot;1&quot;:[{&quot;1&quot;:2,&quot;2&quot;:0,&quot;5&quot;:{&quot;1&quot;:2,&quot;2&quot;:0}},{&quot;1&quot;:0,&quot;2&quot;:0,&quot;3&quot;:3},{&quot;1&quot;:1,&quot;2&quot;:0,&quot;4&quot;:1}]},&quot;8&quot;:{&quot;1&quot;:[{&quot;1&quot;:2,&quot;2&quot;:0,&quot;5&quot;:{&quot;1&quot;:2,&quot;2&quot;:0}},{&quot;1&quot;:0,&quot;2&quot;:0,&quot;3&quot;:3},{&quot;1&quot;:1,&quot;2&quot;:0,&quot;4&quot;:1}]},&quot;10&quot;:0,&quot;11&quot;:4,&quot;12&quot;:0,&quot;15&quot;:&quot;Arial&quot;}\">Cala Mongofre, apart from being a unique and spectacular beach, has the largest dunes on the island. It is only accessible by sea, so it is a very quiet cove. The central area of the beach has a large sandy area, ideal for snorkelling, where we can observe gilthead bream, mullets and other fish.<\/span><\/p>\t\t\t\t\t\t\t\t<\/div>\n\t\t\t\t<\/div>\n\t\t\t\t<\/div>\n\t\t\t\t\t<\/div>\n\t\t\t\t<\/div>\n\t\t<div class=\"elementor-element elementor-element-ce1579a e-flex e-con-boxed e-con e-parent\" data-id=\"ce1579a\" data-element_type=\"container\" data-settings=\"{&quot;background_background&quot;:&quot;classic&quot;}\">\n\t\t\t\t\t<div class=\"e-con-inner\">\n\t\t\t\t<div class=\"elementor-element elementor-element-9bc4501 elementor-widget elementor-widget-shortcode\" data-id=\"9bc4501\" data-element_type=\"widget\" data-widget_type=\"shortcode.default\">\n\t\t\t\t\t\t\t<div class=\"elementor-shortcode\">    <div class=\"elementor-element elementor-widget elementor-widget-button destinationcta\" data-element_type=\"widget\" data-widget_type=\"button.default\">\n      <div class=\"elementor-widget-container\">\n        <div class=\"elementor-button-wrapper\">\n          <button class=\"elementor-button elementor-button-link elementor-size-sm openEnquireModal\" >\u00a1Cont\u00e1ctanos para m\u00e1s informaci\u00f3n!<\/button>\n        <\/div>\n      <\/div>\n    <\/div>\n    <\/div>\n\t\t\t\t\t\t<\/div>\n\t\t\t\t\t<\/div>\n\t\t\t\t<\/div>\n\t\t\t\t<\/div>\n\t\t","protected":false},"excerpt":{"rendered":"<p>Luxury yacht charter in Menorca Wild and wonderful, Menora is the most untouched of the Balearic Islands. With more beaches than Mallorca and Ibiza combined, you will never run out of beaches to explore in Menorca. About the destination Perfect 7 days itinerary Spots you can&#8217;t miss Menorca Yacht Charter Menorca, the second largest and [&hellip;]<\/p>\n","protected":false},"featured_media":9205,"template":"","class_list":["post-9183","destination","type-destination","status-publish","has-post-thumbnail","hentry"],"acf":[],"_links":{"self":[{"href":"https:\/\/www.charteranddreams.com\/es\/wp-json\/wp\/v2\/destination\/9183","targetHints":{"allow":["GET"]}}],"collection":[{"href":"https:\/\/www.charteranddreams.com\/es\/wp-json\/wp\/v2\/destination"}],"about":[{"href":"https:\/\/www.charteranddreams.com\/es\/wp-json\/wp\/v2\/types\/destination"}],"version-history":[{"count":74,"href":"https:\/\/www.charteranddreams.com\/es\/wp-json\/wp\/v2\/destination\/9183\/revisions"}],"predecessor-version":[{"id":113983,"href":"https:\/\/www.charteranddreams.com\/es\/wp-json\/wp\/v2\/destination\/9183\/revisions\/113983"}],"wp:featuredmedia":[{"embeddable":true,"href":"https:\/\/www.charteranddreams.com\/es\/wp-json\/wp\/v2\/media\/9205"}],"wp:attachment":[{"href":"https:\/\/www.charteranddreams.com\/es\/wp-json\/wp\/v2\/media?parent=9183"}],"curies":[{"name":"wp","href":"https:\/\/api.w.org\/{rel}","templated":true}]}}