{"id":26339,"date":"2024-04-17T17:51:44","date_gmt":"2024-04-17T15:51:44","guid":{"rendered":"https:\/\/www.charteranddreams.com\/destination\/balearic-islands\/"},"modified":"2026-04-25T11:31:16","modified_gmt":"2026-04-25T09:31:16","slug":"balearic-islands","status":"publish","type":"destination","link":"https:\/\/www.charteranddreams.com\/es\/destination\/balearic-islands\/","title":{"rendered":"Islas Baleares"},"content":{"rendered":"\t\t<div data-elementor-type=\"wp-post\" data-elementor-id=\"26339\" class=\"elementor elementor-26339 elementor-25962\" data-elementor-post-type=\"destination\">\n\t\t\t\t<div class=\"elementor-element elementor-element-c37b4f2 e-con-full e-flex e-con e-parent\" data-id=\"c37b4f2\" data-element_type=\"container\" data-settings=\"{&quot;background_background&quot;:&quot;classic&quot;}\">\n\t\t\t\t<div class=\"elementor-element elementor-element-d441410 elementor-widget elementor-widget-image\" data-id=\"d441410\" data-element_type=\"widget\" data-widget_type=\"image.default\">\n\t\t\t\t\t\t\t\t\t\t\t\t\t\t\t<img decoding=\"async\" width=\"2560\" height=\"1696\" src=\"https:\/\/www.charteranddreams.com\/wp-content\/uploads\/2024\/12\/Balearics-scaled-1.jpg\" class=\"attachment-full size-full wp-image-95460\" alt=\"\" srcset=\"https:\/\/www.charteranddreams.com\/wp-content\/uploads\/2024\/12\/Balearics-scaled-1.jpg 2560w, https:\/\/www.charteranddreams.com\/wp-content\/uploads\/2024\/12\/Balearics-scaled-1-992x657.jpg 992w, https:\/\/www.charteranddreams.com\/wp-content\/uploads\/2024\/12\/Balearics-scaled-1-1550x1027.jpg 1550w, https:\/\/www.charteranddreams.com\/wp-content\/uploads\/2024\/12\/Balearics-scaled-1-576x382.jpg 576w, https:\/\/www.charteranddreams.com\/wp-content\/uploads\/2024\/12\/Balearics-scaled-1-768x509.jpg 768w, https:\/\/www.charteranddreams.com\/wp-content\/uploads\/2024\/12\/Balearics-scaled-1-1536x1018.jpg 1536w, https:\/\/www.charteranddreams.com\/wp-content\/uploads\/2024\/12\/Balearics-scaled-1-2048x1357.jpg 2048w, https:\/\/www.charteranddreams.com\/wp-content\/uploads\/2024\/12\/Balearics-scaled-1-1900x1259.jpg 1900w\" sizes=\"(max-width: 2560px) 100vw, 2560px\" \/>\t\t\t\t\t\t\t\t\t\t\t\t\t\t\t<\/div>\n\t\t<div class=\"elementor-element elementor-element-b031a74 e-flex e-con-boxed e-con e-child\" data-id=\"b031a74\" data-element_type=\"container\" data-settings=\"{&quot;position&quot;:&quot;absolute&quot;}\">\n\t\t\t\t\t<div class=\"e-con-inner\">\n\t\t\t\t<div class=\"elementor-element elementor-element-3ff110b elementor-widget__width-initial elementor-widget elementor-widget-heading\" data-id=\"3ff110b\" data-element_type=\"widget\" data-widget_type=\"heading.default\">\n\t\t\t\t\t<h1 class=\"elementor-heading-title elementor-size-default\">Alquiler de yates de lujo en Islas Baleares<\/h1>\t\t\t\t<\/div>\n\t\t\t\t<div class=\"elementor-element elementor-element-4c88318 elementor-widget__width-initial elementor-widget elementor-widget-text-editor\" data-id=\"4c88318\" data-element_type=\"widget\" data-widget_type=\"text-editor.default\">\n\t\t\t\t\t\t\t\t\t<p><span style=\"font-weight: 400;\">Emb\u00e1rcate en una aventura de lujo por las Islas Baleares a bordo de un yate exclusivo. Alquila una embarcaci\u00f3n y navega por este archipi\u00e9lago del Mediterr\u00e1neo, capaz de ofrecer la combinaci\u00f3n perfecta entre naturaleza, playas de ensue\u00f1o, cultura y gastronom\u00eda de primer nivel. Rel\u00e1jate y d\u00e9jate cuidar por la tripulaci\u00f3n a bordo durante tus vacaciones de una semana o m\u00e1s.<\/span><\/p>\t\t\t\t\t\t\t\t<\/div>\n\t\t\t\t\t<\/div>\n\t\t\t\t<\/div>\n\t\t\t\t<\/div>\n\t\t<div class=\"elementor-element elementor-element-4e319ab e-con-full scrollable-buttons e-flex e-con e-parent\" data-id=\"4e319ab\" data-element_type=\"container\" data-settings=\"{&quot;background_background&quot;:&quot;classic&quot;}\">\n\t\t\t\t<div class=\"elementor-element elementor-element-85c00d6 elementor-widget elementor-widget-button\" data-id=\"85c00d6\" data-element_type=\"widget\" data-widget_type=\"button.default\">\n\t\t\t\t\t\t\t\t\t\t<a class=\"elementor-button elementor-button-link elementor-size-sm\" href=\"#about\">\n\t\t\t\t\t\t<span class=\"elementor-button-content-wrapper\">\n\t\t\t\t\t\t\t\t\t<span class=\"elementor-button-text\">sobre el destino<\/span>\n\t\t\t\t\t<\/span>\n\t\t\t\t\t<\/a>\n\t\t\t\t\t\t\t\t<\/div>\n\t\t\t\t<div class=\"elementor-element elementor-element-81da789 elementor-widget elementor-widget-button\" data-id=\"81da789\" data-element_type=\"widget\" data-widget_type=\"button.default\">\n\t\t\t\t\t\t\t\t\t\t<a class=\"elementor-button elementor-button-link elementor-size-sm\" href=\"#spots\">\n\t\t\t\t\t\t<span class=\"elementor-button-content-wrapper\">\n\t\t\t\t\t\t\t\t\t<span class=\"elementor-button-text\">lo mejor de islas baleares<\/span>\n\t\t\t\t\t<\/span>\n\t\t\t\t\t<\/a>\n\t\t\t\t\t\t\t\t<\/div>\n\t\t\t\t<div class=\"elementor-element elementor-element-bd118d6 elementor-widget elementor-widget-shortcode\" data-id=\"bd118d6\" data-element_type=\"widget\" data-widget_type=\"shortcode.default\">\n\t\t\t\t\t\t\t<div class=\"elementor-shortcode\"><\/div>\n\t\t\t\t\t\t<\/div>\n\t\t\t\t<\/div>\n\t\t<div class=\"elementor-element elementor-element-9ad86f6 e-flex e-con-boxed e-con e-parent\" data-id=\"9ad86f6\" data-element_type=\"container\">\n\t\t\t\t\t<div class=\"e-con-inner\">\n\t\t\t\t<div class=\"elementor-element elementor-element-4583d2b elementor-widget elementor-widget-heading\" data-id=\"4583d2b\" data-element_type=\"widget\" id=\"about\" data-widget_type=\"heading.default\">\n\t\t\t\t\t<h2 class=\"elementor-heading-title elementor-size-default\">Alquiler de yates en Islas Baleares<\/h2>\t\t\t\t<\/div>\n\t\t\t\t<div class=\"elementor-element elementor-element-0b94f3a elementor-widget__width-initial elementor-widget elementor-widget-text-editor\" data-id=\"0b94f3a\" data-element_type=\"widget\" data-widget_type=\"text-editor.default\">\n\t\t\t\t\t\t\t\t\t<p>Explora el lujo y la belleza inigualable de las Islas Baleares alquilando un yate o un catamar\u00e1n, comenzando tu traves\u00eda en las aguas cristalinas que rodean este archipi\u00e9lago del Mediterr\u00e1neo. Desde la impresionante Cala Macarella en Menorca, con sus aguas turquesas y su entorno natural virgen, hasta la vibrante vida nocturna y las playas paradis\u00edacas de Ibiza, cada rinc\u00f3n de estas islas promete una experiencia inolvidable a bordo de nuestros yates de lujo, veleros y catamaranes.<\/p><p>Rel\u00e1jate en la Playa de Ses Illetes en Formentera, un refugio de paz con arenas blancas y aguas cristalinas, y descubre la historia y la arquitectura majestuosa de la Catedral de Palma en Mallorca. No te pierdas la exclusiva Cala Dei\u00e0, rodeada de acantilados y pintorescas casas de piedra, ni la Reserva Natural de la Isla de Cabrera, un para\u00edso para los amantes de la naturaleza. Disfruta de la alta gastronom\u00eda en restaurantes con estrellas Michelin, explora sitios hist\u00f3ricos desde tu barco y sum\u00e9rgete en la cultura balear. Cada uno de estos destinos te brinda una experiencia \u00fanica de lujo, exclusividad y belleza natural, haciendo de tus vacaciones en charter una aventura inolvidable en el coraz\u00f3n del Mediterr\u00e1neo.<\/p>\t\t\t\t\t\t\t\t<\/div>\n\t\t\t\t\t<\/div>\n\t\t\t\t<\/div>\n\t\t<div class=\"elementor-element elementor-element-dde8f18 e-flex e-con-boxed e-con e-parent\" data-id=\"dde8f18\" data-element_type=\"container\">\n\t\t\t\t\t<div class=\"e-con-inner\">\n\t\t\t\t<div class=\"elementor-element elementor-element-5b9ef39 elementor-widget elementor-widget-shortcode\" data-id=\"5b9ef39\" data-element_type=\"widget\" data-widget_type=\"shortcode.default\">\n\t\t\t\t\t\t\t<div class=\"elementor-shortcode\">    <div class=\"elementor-element elementor-widget elementor-widget-button destinationcta\" data-element_type=\"widget\" data-widget_type=\"button.default\">\n      <div class=\"elementor-widget-container\">\n        <div class=\"elementor-button-wrapper\">\n          <button class=\"elementor-button elementor-button-link elementor-size-sm openEnquireModal\" >\u00a1Cont\u00e1ctanos para m\u00e1s informaci\u00f3n!<\/button>\n        <\/div>\n      <\/div>\n    <\/div>\n    <\/div>\n\t\t\t\t\t\t<\/div>\n\t\t\t\t\t<\/div>\n\t\t\t\t<\/div>\n\t\t<div class=\"elementor-element elementor-element-607df86 e-flex e-con-boxed e-con e-parent\" data-id=\"607df86\" data-element_type=\"container\">\n\t\t\t\t\t<div class=\"e-con-inner\">\n\t\t\t\t<div class=\"elementor-element elementor-element-8083701 elementor-widget elementor-widget-heading\" data-id=\"8083701\" data-element_type=\"widget\" id=\"spots\" data-widget_type=\"heading.default\">\n\t\t\t\t\t<h2 class=\"elementor-heading-title elementor-size-default\">Lo mejor de Islas Baleares<\/h2>\t\t\t\t<\/div>\n\t\t\t\t\t<\/div>\n\t\t\t\t<\/div>\n\t\t<div class=\"elementor-element elementor-element-671802b e-flex e-con-boxed e-con e-parent\" data-id=\"671802b\" data-element_type=\"container\" data-settings=\"{&quot;background_background&quot;:&quot;classic&quot;}\">\n\t\t\t\t\t<div class=\"e-con-inner\">\n\t\t<div class=\"elementor-element elementor-element-ea5cfd1 e-con-full e-flex e-con e-child\" data-id=\"ea5cfd1\" data-element_type=\"container\" data-settings=\"{&quot;background_background&quot;:&quot;classic&quot;}\">\n\t\t<div class=\"elementor-element elementor-element-4efd2b8 e-con-full e-flex e-con e-child\" data-id=\"4efd2b8\" data-element_type=\"container\" data-settings=\"{&quot;background_background&quot;:&quot;classic&quot;}\">\n\t\t\t\t<div class=\"elementor-element elementor-element-2c00871 elementor-hidden-desktop elementor-hidden-tablet elementor-widget elementor-widget-image\" data-id=\"2c00871\" data-element_type=\"widget\" data-widget_type=\"image.default\">\n\t\t\t\t\t\t\t\t\t\t\t\t\t\t\t<img decoding=\"async\" width=\"992\" height=\"436\" src=\"https:\/\/www.charteranddreams.com\/wp-content\/uploads\/2024\/05\/alquiler_yate_islas_baleares_cala_jondal_charter-992x436.jpg\" class=\"attachment-medium size-medium wp-image-57150\" alt=\"Aerial view of the exclusive Jondal cove in Ibiza, showing anchored yachts and private pools\" srcset=\"https:\/\/www.charteranddreams.com\/wp-content\/uploads\/2024\/05\/alquiler_yate_islas_baleares_cala_jondal_charter-992x436.jpg 992w, https:\/\/www.charteranddreams.com\/wp-content\/uploads\/2024\/05\/alquiler_yate_islas_baleares_cala_jondal_charter-576x253.jpg 576w, https:\/\/www.charteranddreams.com\/wp-content\/uploads\/2024\/05\/alquiler_yate_islas_baleares_cala_jondal_charter-768x338.jpg 768w, https:\/\/www.charteranddreams.com\/wp-content\/uploads\/2024\/05\/alquiler_yate_islas_baleares_cala_jondal_charter.jpg 1450w\" sizes=\"(max-width: 992px) 100vw, 992px\" \/>\t\t\t\t\t\t\t\t\t\t\t\t\t\t\t<\/div>\n\t\t\t\t<div class=\"elementor-element elementor-element-225f648 elementor-widget__width-initial elementor-widget elementor-widget-heading\" data-id=\"225f648\" data-element_type=\"widget\" data-widget_type=\"heading.default\">\n\t\t\t\t\t<h3 class=\"elementor-heading-title elementor-size-default\">ISLAS BALEARES HOTSPOTS<\/h3>\t\t\t\t<\/div>\n\t\t\t\t<div class=\"elementor-element elementor-element-a66cdf5 elementor-widget__width-initial elementor-widget elementor-widget-heading\" data-id=\"a66cdf5\" data-element_type=\"widget\" data-widget_type=\"heading.default\">\n\t\t\t\t\t<h3 class=\"elementor-heading-title elementor-size-default\">Cala Jondal, Ibiza<\/h3>\t\t\t\t<\/div>\n\t\t\t\t<div class=\"elementor-element elementor-element-ebc0d8d elementor-widget__width-initial elementor-widget elementor-widget-text-editor\" data-id=\"ebc0d8d\" data-element_type=\"widget\" data-widget_type=\"text-editor.default\">\n\t\t\t\t\t\t\t\t\tPlaya exclusiva de Ibiza conocida por su ambiente elegante y su activa vida social. Este lugar es ideal para fondear tu yate o catamar\u00e1n y disfrutar de un d\u00eda de lujo en Ibiza. La playa est\u00e1 rodeada de puertos y clubes de playa de moda como Blue Marlin, donde puedes relajarte en camas balinesas a bordo de tu embarcaci\u00f3n y disfrutar de c\u00f3cteles al ritmo de m\u00fasica en vivo. Combina sol, mar y una vibrante vida nocturna en un entorno sofisticado durante tus vacaciones en yates por Espa\u00f1a.\t\t\t\t\t\t\t\t<\/div>\n\t\t\t\t<\/div>\n\t\t\t\t<\/div>\n\t\t\t\t\t<\/div>\n\t\t\t\t<\/div>\n\t\t<div class=\"elementor-element elementor-element-254c47c e-flex e-con-boxed e-con e-parent\" data-id=\"254c47c\" data-element_type=\"container\" data-settings=\"{&quot;background_background&quot;:&quot;classic&quot;}\">\n\t\t\t\t\t<div class=\"e-con-inner\">\n\t\t<div class=\"elementor-element elementor-element-e143201 e-con-full e-flex e-con e-child\" data-id=\"e143201\" data-element_type=\"container\" data-settings=\"{&quot;background_background&quot;:&quot;classic&quot;}\">\n\t\t<div class=\"elementor-element elementor-element-adb16ed e-con-full e-flex e-con e-child\" data-id=\"adb16ed\" data-element_type=\"container\" data-settings=\"{&quot;background_background&quot;:&quot;classic&quot;}\">\n\t\t\t\t<div class=\"elementor-element elementor-element-acb1b1c elementor-hidden-desktop elementor-hidden-tablet elementor-widget elementor-widget-image\" data-id=\"acb1b1c\" data-element_type=\"widget\" data-widget_type=\"image.default\">\n\t\t\t\t\t\t\t\t\t\t\t\t\t\t\t<img decoding=\"async\" width=\"992\" height=\"436\" src=\"https:\/\/www.charteranddreams.com\/wp-content\/uploads\/2024\/05\/alquiler_yate_islas_baleares_ses_illetes_charter-992x436.jpg\" class=\"attachment-medium size-medium wp-image-57162\" alt=\"crystal clear water in Formentera with boats in the background\" srcset=\"https:\/\/www.charteranddreams.com\/wp-content\/uploads\/2024\/05\/alquiler_yate_islas_baleares_ses_illetes_charter-992x436.jpg 992w, https:\/\/www.charteranddreams.com\/wp-content\/uploads\/2024\/05\/alquiler_yate_islas_baleares_ses_illetes_charter-576x253.jpg 576w, https:\/\/www.charteranddreams.com\/wp-content\/uploads\/2024\/05\/alquiler_yate_islas_baleares_ses_illetes_charter-768x338.jpg 768w, https:\/\/www.charteranddreams.com\/wp-content\/uploads\/2024\/05\/alquiler_yate_islas_baleares_ses_illetes_charter.jpg 1450w\" sizes=\"(max-width: 992px) 100vw, 992px\" \/>\t\t\t\t\t\t\t\t\t\t\t\t\t\t\t<\/div>\n\t\t\t\t<div class=\"elementor-element elementor-element-e47db5c elementor-widget__width-initial elementor-widget elementor-widget-heading\" data-id=\"e47db5c\" data-element_type=\"widget\" data-widget_type=\"heading.default\">\n\t\t\t\t\t<h3 class=\"elementor-heading-title elementor-size-default\">ISLAS BALEARES HOTSPOTS<\/h3>\t\t\t\t<\/div>\n\t\t\t\t<div class=\"elementor-element elementor-element-0225b09 elementor-widget__width-initial elementor-widget elementor-widget-heading\" data-id=\"0225b09\" data-element_type=\"widget\" data-widget_type=\"heading.default\">\n\t\t\t\t\t<h3 class=\"elementor-heading-title elementor-size-default\">Playa de Ses Illetes, Formentera<\/h3>\t\t\t\t<\/div>\n\t\t\t\t<div class=\"elementor-element elementor-element-fccd263 elementor-widget__width-initial elementor-widget elementor-widget-text-editor\" data-id=\"fccd263\" data-element_type=\"widget\" data-widget_type=\"text-editor.default\">\n\t\t\t\t\t\t\t\t\tFamosa por su arena blanca y aguas turquesas, la Playa de Ses Illetes en Formentera es considerada una de las mejores del Mediterr\u00e1neo y a menudo comparada con las del Caribe. Rodeada de dunas y vegetaci\u00f3n, ofrece un paisaje natural \u00fanico, perfecto para quienes llegan en yate o velero a descubrir sus calas. Tras un d\u00eda de sol y mar a bordo, nada mejor que fondear frente a la playa y dejarse tentar por los restaurantes junto al mar, como el ic\u00f3nico Beso Beach, donde podr\u00e1s saborear platos mediterr\u00e1neos frescos mientras contemplas unas vistas panor\u00e1micas inolvidables.\t\t\t\t\t\t\t\t<\/div>\n\t\t\t\t<\/div>\n\t\t\t\t<\/div>\n\t\t\t\t\t<\/div>\n\t\t\t\t<\/div>\n\t\t<div class=\"elementor-element elementor-element-a2d9440 e-flex e-con-boxed e-con e-parent\" data-id=\"a2d9440\" data-element_type=\"container\" data-settings=\"{&quot;background_background&quot;:&quot;classic&quot;}\">\n\t\t\t\t\t<div class=\"e-con-inner\">\n\t\t<div class=\"elementor-element elementor-element-7cc8ab0 e-con-full e-flex e-con e-child\" data-id=\"7cc8ab0\" data-element_type=\"container\" data-settings=\"{&quot;background_background&quot;:&quot;classic&quot;}\">\n\t\t<div class=\"elementor-element elementor-element-9865f28 e-con-full e-flex e-con e-child\" data-id=\"9865f28\" data-element_type=\"container\" data-settings=\"{&quot;background_background&quot;:&quot;classic&quot;}\">\n\t\t\t\t<div class=\"elementor-element elementor-element-f5d8fe2 elementor-hidden-desktop elementor-hidden-tablet elementor-widget elementor-widget-image\" data-id=\"f5d8fe2\" data-element_type=\"widget\" data-widget_type=\"image.default\">\n\t\t\t\t\t\t\t\t\t\t\t\t\t\t\t<img decoding=\"async\" width=\"992\" height=\"436\" src=\"https:\/\/www.charteranddreams.com\/wp-content\/uploads\/2024\/05\/alquiler_yate_islas_baleares_cala_deia_charter-992x436.jpg\" class=\"attachment-medium size-medium wp-image-57147\" alt=\"Cala Dei\u00e0 in Mallorca seen through pine branches\" srcset=\"https:\/\/www.charteranddreams.com\/wp-content\/uploads\/2024\/05\/alquiler_yate_islas_baleares_cala_deia_charter-992x436.jpg 992w, https:\/\/www.charteranddreams.com\/wp-content\/uploads\/2024\/05\/alquiler_yate_islas_baleares_cala_deia_charter-576x253.jpg 576w, https:\/\/www.charteranddreams.com\/wp-content\/uploads\/2024\/05\/alquiler_yate_islas_baleares_cala_deia_charter-768x338.jpg 768w, https:\/\/www.charteranddreams.com\/wp-content\/uploads\/2024\/05\/alquiler_yate_islas_baleares_cala_deia_charter.jpg 1450w\" sizes=\"(max-width: 992px) 100vw, 992px\" \/>\t\t\t\t\t\t\t\t\t\t\t\t\t\t\t<\/div>\n\t\t\t\t<div class=\"elementor-element elementor-element-b41911b elementor-widget__width-initial elementor-widget elementor-widget-heading\" data-id=\"b41911b\" data-element_type=\"widget\" data-widget_type=\"heading.default\">\n\t\t\t\t\t<h3 class=\"elementor-heading-title elementor-size-default\">ISLAS BALEARES HOTSPOTS<\/h3>\t\t\t\t<\/div>\n\t\t\t\t<div class=\"elementor-element elementor-element-6e3a045 elementor-widget__width-initial elementor-widget elementor-widget-heading\" data-id=\"6e3a045\" data-element_type=\"widget\" data-widget_type=\"heading.default\">\n\t\t\t\t\t<h3 class=\"elementor-heading-title elementor-size-default\">Cala Dei\u00e0, Mallorca<\/h3>\t\t\t\t<\/div>\n\t\t\t\t<div class=\"elementor-element elementor-element-43b6213 elementor-widget__width-initial elementor-widget elementor-widget-text-editor\" data-id=\"43b6213\" data-element_type=\"widget\" data-widget_type=\"text-editor.default\">\n\t\t\t\t\t\t\t\t\tFamosa por su belleza natural y su ambiente bohemio, Cala Dei\u00e0 en Mallorca est\u00e1 rodeada de acantilados y encantadoras casas de piedra. Accesible en yate mediante fondeo frente a la cala, ofrece un entorno \u00edntimo y exclusivo para disfrutar del mar en un paisaje \u00fanico. A pocos pasos de la orilla encontrar\u00e1s el emblem\u00e1tico restaurante Ca\u2019s Patr\u00f3 March, c\u00e9lebre por su marisco fresco y su espectacular ubicaci\u00f3n sobre las rocas con vistas al Mediterr\u00e1neo. Cala Dei\u00e0 es perfecta para quienes desean vivir una experiencia aut\u00e9ntica y sofisticada a bordo de un yate de lujo en Mallorca.\t\t\t\t\t\t\t\t<\/div>\n\t\t\t\t<\/div>\n\t\t\t\t<\/div>\n\t\t\t\t\t<\/div>\n\t\t\t\t<\/div>\n\t\t<div class=\"elementor-element elementor-element-b4ae5a7 e-flex e-con-boxed e-con e-parent\" data-id=\"b4ae5a7\" data-element_type=\"container\" data-settings=\"{&quot;background_background&quot;:&quot;classic&quot;}\">\n\t\t\t\t\t<div class=\"e-con-inner\">\n\t\t<div class=\"elementor-element elementor-element-8574ebf e-con-full e-flex e-con e-child\" data-id=\"8574ebf\" data-element_type=\"container\" data-settings=\"{&quot;background_background&quot;:&quot;classic&quot;}\">\n\t\t<div class=\"elementor-element elementor-element-b3ef950 e-con-full e-flex e-con e-child\" data-id=\"b3ef950\" data-element_type=\"container\" data-settings=\"{&quot;background_background&quot;:&quot;classic&quot;}\">\n\t\t\t\t<div class=\"elementor-element elementor-element-43ee4ae elementor-hidden-desktop elementor-hidden-tablet elementor-widget elementor-widget-image\" data-id=\"43ee4ae\" data-element_type=\"widget\" data-widget_type=\"image.default\">\n\t\t\t\t\t\t\t\t\t\t\t\t\t\t\t<img decoding=\"async\" width=\"992\" height=\"436\" src=\"https:\/\/www.charteranddreams.com\/wp-content\/uploads\/2024\/05\/alquiler_yate_islas_baleares_can_marca_cueva_charter-992x436.jpg\" class=\"attachment-medium size-medium wp-image-57156\" alt=\"Can Mar\u00e7\u00e0 Cave, Ibiza\" srcset=\"https:\/\/www.charteranddreams.com\/wp-content\/uploads\/2024\/05\/alquiler_yate_islas_baleares_can_marca_cueva_charter-992x436.jpg 992w, https:\/\/www.charteranddreams.com\/wp-content\/uploads\/2024\/05\/alquiler_yate_islas_baleares_can_marca_cueva_charter-576x253.jpg 576w, https:\/\/www.charteranddreams.com\/wp-content\/uploads\/2024\/05\/alquiler_yate_islas_baleares_can_marca_cueva_charter-768x338.jpg 768w, https:\/\/www.charteranddreams.com\/wp-content\/uploads\/2024\/05\/alquiler_yate_islas_baleares_can_marca_cueva_charter.jpg 1450w\" sizes=\"(max-width: 992px) 100vw, 992px\" \/>\t\t\t\t\t\t\t\t\t\t\t\t\t\t\t<\/div>\n\t\t\t\t<div class=\"elementor-element elementor-element-edb2023 elementor-widget__width-initial elementor-widget elementor-widget-heading\" data-id=\"edb2023\" data-element_type=\"widget\" data-widget_type=\"heading.default\">\n\t\t\t\t\t<h3 class=\"elementor-heading-title elementor-size-default\">ISLAS BALEARES HOTSPOTS<\/h3>\t\t\t\t<\/div>\n\t\t\t\t<div class=\"elementor-element elementor-element-ab07240 elementor-widget__width-initial elementor-widget elementor-widget-heading\" data-id=\"ab07240\" data-element_type=\"widget\" data-widget_type=\"heading.default\">\n\t\t\t\t\t<h3 class=\"elementor-heading-title elementor-size-default\">Cueva de Can Mar\u00e7\u00e0, Ibiza<\/h3>\t\t\t\t<\/div>\n\t\t\t\t<div class=\"elementor-element elementor-element-91566fa elementor-widget__width-initial elementor-widget elementor-widget-text-editor\" data-id=\"91566fa\" data-element_type=\"widget\" data-widget_type=\"text-editor.default\">\n\t\t\t\t\t\t\t\t\tLa Cueva de Can Mar\u00e7\u00e0, situada en el norte de Ibiza, es una joya natural que ofrece una experiencia \u00fanica de exploraci\u00f3n. Si llegas en yate, puedes fondear en el cercano Puerto de San Miguel y acceder a la cueva por tierra. Durante la visita guiada recorrer\u00e1s espectaculares formaciones rocosas, estalactitas y peque\u00f1as cascadas interiores que realzan el encanto del lugar. Explorar Can Mar\u00e7\u00e0 es el complemento perfecto a una jornada de navegaci\u00f3n en Ibiza, combinando mar, naturaleza e historia en un mismo enclave.\t\t\t\t\t\t\t\t<\/div>\n\t\t\t\t<\/div>\n\t\t\t\t<\/div>\n\t\t\t\t\t<\/div>\n\t\t\t\t<\/div>\n\t\t<div class=\"elementor-element elementor-element-be60cc3 e-flex e-con-boxed e-con e-parent\" data-id=\"be60cc3\" data-element_type=\"container\" data-settings=\"{&quot;background_background&quot;:&quot;classic&quot;}\">\n\t\t\t\t\t<div class=\"e-con-inner\">\n\t\t<div class=\"elementor-element elementor-element-a4e3ae5 e-con-full e-flex e-con e-child\" data-id=\"a4e3ae5\" data-element_type=\"container\" data-settings=\"{&quot;background_background&quot;:&quot;classic&quot;}\">\n\t\t<div class=\"elementor-element elementor-element-26190c7 e-con-full e-flex e-con e-child\" data-id=\"26190c7\" data-element_type=\"container\" data-settings=\"{&quot;background_background&quot;:&quot;classic&quot;}\">\n\t\t\t\t<div class=\"elementor-element elementor-element-fcc5b2f elementor-hidden-desktop elementor-hidden-tablet elementor-widget elementor-widget-image\" data-id=\"fcc5b2f\" data-element_type=\"widget\" data-widget_type=\"image.default\">\n\t\t\t\t\t\t\t\t\t\t\t\t\t\t\t<img decoding=\"async\" width=\"992\" height=\"436\" src=\"https:\/\/www.charteranddreams.com\/wp-content\/uploads\/2024\/05\/alquiler_yate_islas_baleares_cabrera_charter-992x436.jpg\" class=\"attachment-medium size-medium wp-image-57144\" alt=\"Cabrera Island Nature Reserve with the lighthouse in the distance\" srcset=\"https:\/\/www.charteranddreams.com\/wp-content\/uploads\/2024\/05\/alquiler_yate_islas_baleares_cabrera_charter-992x436.jpg 992w, https:\/\/www.charteranddreams.com\/wp-content\/uploads\/2024\/05\/alquiler_yate_islas_baleares_cabrera_charter-576x253.jpg 576w, https:\/\/www.charteranddreams.com\/wp-content\/uploads\/2024\/05\/alquiler_yate_islas_baleares_cabrera_charter-768x338.jpg 768w, https:\/\/www.charteranddreams.com\/wp-content\/uploads\/2024\/05\/alquiler_yate_islas_baleares_cabrera_charter.jpg 1450w\" sizes=\"(max-width: 992px) 100vw, 992px\" \/>\t\t\t\t\t\t\t\t\t\t\t\t\t\t\t<\/div>\n\t\t\t\t<div class=\"elementor-element elementor-element-f7da225 elementor-widget__width-initial elementor-widget elementor-widget-heading\" data-id=\"f7da225\" data-element_type=\"widget\" data-widget_type=\"heading.default\">\n\t\t\t\t\t<h3 class=\"elementor-heading-title elementor-size-default\">ISLAS BALEARES HOTSPOTS<\/h3>\t\t\t\t<\/div>\n\t\t\t\t<div class=\"elementor-element elementor-element-3d83346 elementor-widget__width-initial elementor-widget elementor-widget-heading\" data-id=\"3d83346\" data-element_type=\"widget\" data-widget_type=\"heading.default\">\n\t\t\t\t\t<h3 class=\"elementor-heading-title elementor-size-default\">Reserva Natural de la Isla de Cabrera<\/h3>\t\t\t\t<\/div>\n\t\t\t\t<div class=\"elementor-element elementor-element-e0f4405 elementor-widget__width-initial elementor-widget elementor-widget-text-editor\" data-id=\"e0f4405\" data-element_type=\"widget\" data-widget_type=\"text-editor.default\">\n\t\t\t\t\t\t\t\t\t<p>Conocida como La Seu, esta majestuosa catedral g\u00f3tica es uno de los grandes iconos hist\u00f3ricos y arquitect\u00f3nicos de Mallorca, visible desde el puerto de Palma. Situada frente al mar, es una visita imprescindible para los amantes de la historia y la cultura que llegan en yate o barco. Admira su imponente silueta a bordo de tu embarcaci\u00f3n y descubre en su interior los espectaculares vitrales y la grandiosa nave que la convierten en una joya \u00fanica del Mediterr\u00e1neo.<\/p>\t\t\t\t\t\t\t\t<\/div>\n\t\t\t\t<\/div>\n\t\t\t\t<\/div>\n\t\t\t\t\t<\/div>\n\t\t\t\t<\/div>\n\t\t<div class=\"elementor-element elementor-element-c46d400 e-flex e-con-boxed e-con e-parent\" data-id=\"c46d400\" data-element_type=\"container\" data-settings=\"{&quot;background_background&quot;:&quot;classic&quot;}\">\n\t\t\t\t\t<div class=\"e-con-inner\">\n\t\t<div class=\"elementor-element elementor-element-f1d11f0 e-con-full e-flex e-con e-child\" data-id=\"f1d11f0\" data-element_type=\"container\" data-settings=\"{&quot;background_background&quot;:&quot;classic&quot;}\">\n\t\t<div class=\"elementor-element elementor-element-ff24f59 e-con-full e-flex e-con e-child\" data-id=\"ff24f59\" data-element_type=\"container\" data-settings=\"{&quot;background_background&quot;:&quot;classic&quot;}\">\n\t\t\t\t<div class=\"elementor-element elementor-element-d49e77b elementor-hidden-desktop elementor-hidden-tablet elementor-widget elementor-widget-image\" data-id=\"d49e77b\" data-element_type=\"widget\" data-widget_type=\"image.default\">\n\t\t\t\t\t\t\t\t\t\t\t\t\t\t\t<img decoding=\"async\" width=\"992\" height=\"436\" src=\"https:\/\/www.charteranddreams.com\/wp-content\/uploads\/2024\/05\/alquiler_yate_islas_baleares_catedral_palma_mallorca_charter-992x436.jpg\" class=\"attachment-medium size-medium wp-image-57159\" alt=\"\" srcset=\"https:\/\/www.charteranddreams.com\/wp-content\/uploads\/2024\/05\/alquiler_yate_islas_baleares_catedral_palma_mallorca_charter-992x436.jpg 992w, https:\/\/www.charteranddreams.com\/wp-content\/uploads\/2024\/05\/alquiler_yate_islas_baleares_catedral_palma_mallorca_charter-576x253.jpg 576w, https:\/\/www.charteranddreams.com\/wp-content\/uploads\/2024\/05\/alquiler_yate_islas_baleares_catedral_palma_mallorca_charter-768x338.jpg 768w, https:\/\/www.charteranddreams.com\/wp-content\/uploads\/2024\/05\/alquiler_yate_islas_baleares_catedral_palma_mallorca_charter.jpg 1450w\" sizes=\"(max-width: 992px) 100vw, 992px\" \/>\t\t\t\t\t\t\t\t\t\t\t\t\t\t\t<\/div>\n\t\t\t\t<div class=\"elementor-element elementor-element-8a44014 elementor-widget__width-initial elementor-widget elementor-widget-heading\" data-id=\"8a44014\" data-element_type=\"widget\" data-widget_type=\"heading.default\">\n\t\t\t\t\t<h3 class=\"elementor-heading-title elementor-size-default\">ISLAS BALEARES HOTSPOTS<\/h3>\t\t\t\t<\/div>\n\t\t\t\t<div class=\"elementor-element elementor-element-f6e7fb5 elementor-widget__width-initial elementor-widget elementor-widget-heading\" data-id=\"f6e7fb5\" data-element_type=\"widget\" data-widget_type=\"heading.default\">\n\t\t\t\t\t<h3 class=\"elementor-heading-title elementor-size-default\">Catedral de Palma, Mallorca<\/h3>\t\t\t\t<\/div>\n\t\t\t\t<div class=\"elementor-element elementor-element-3cb2508 elementor-widget__width-initial elementor-widget elementor-widget-text-editor\" data-id=\"3cb2508\" data-element_type=\"widget\" data-widget_type=\"text-editor.default\">\n\t\t\t\t\t\t\t\t\t<p>Conocida como La Seu, se trata de un icono hist\u00f3rico y arquitect\u00f3nico de Mallorca. Situada frente al mar, esta majestuosa catedral g\u00f3tica es un lugar imprescindible para los amantes de la historia y la cultura. Disfruta de una visita a este impresionante monumento y explora su interior, donde te sorprender\u00e1n sus vitrales y su impresionante nave.<\/p>\t\t\t\t\t\t\t\t<\/div>\n\t\t\t\t<\/div>\n\t\t\t\t<\/div>\n\t\t\t\t\t<\/div>\n\t\t\t\t<\/div>\n\t\t<div class=\"elementor-element elementor-element-62df98e e-flex e-con-boxed e-con e-parent\" data-id=\"62df98e\" data-element_type=\"container\" data-settings=\"{&quot;background_background&quot;:&quot;classic&quot;}\">\n\t\t\t\t\t<div class=\"e-con-inner\">\n\t\t<div class=\"elementor-element elementor-element-9808aa2 e-con-full e-flex e-con e-child\" data-id=\"9808aa2\" data-element_type=\"container\" data-settings=\"{&quot;background_background&quot;:&quot;classic&quot;}\">\n\t\t<div class=\"elementor-element elementor-element-81da7cf e-con-full e-flex e-con e-child\" data-id=\"81da7cf\" data-element_type=\"container\" data-settings=\"{&quot;background_background&quot;:&quot;classic&quot;}\">\n\t\t\t\t<div class=\"elementor-element elementor-element-7f5e12c elementor-hidden-desktop elementor-hidden-tablet elementor-widget elementor-widget-image\" data-id=\"7f5e12c\" data-element_type=\"widget\" data-widget_type=\"image.default\">\n\t\t\t\t\t\t\t\t\t\t\t\t\t\t\t<img decoding=\"async\" width=\"992\" height=\"436\" src=\"https:\/\/www.charteranddreams.com\/wp-content\/uploads\/2024\/05\/alquiler_yate_islas_baleares_cala_macarella_charter-992x436.jpg\" class=\"attachment-medium size-medium wp-image-57153\" alt=\"turquoise waters of Cala Macarella, famous in Menorca\" srcset=\"https:\/\/www.charteranddreams.com\/wp-content\/uploads\/2024\/05\/alquiler_yate_islas_baleares_cala_macarella_charter-992x436.jpg 992w, https:\/\/www.charteranddreams.com\/wp-content\/uploads\/2024\/05\/alquiler_yate_islas_baleares_cala_macarella_charter-576x253.jpg 576w, https:\/\/www.charteranddreams.com\/wp-content\/uploads\/2024\/05\/alquiler_yate_islas_baleares_cala_macarella_charter-768x338.jpg 768w, https:\/\/www.charteranddreams.com\/wp-content\/uploads\/2024\/05\/alquiler_yate_islas_baleares_cala_macarella_charter.jpg 1450w\" sizes=\"(max-width: 992px) 100vw, 992px\" \/>\t\t\t\t\t\t\t\t\t\t\t\t\t\t\t<\/div>\n\t\t\t\t<div class=\"elementor-element elementor-element-6e88f12 elementor-widget__width-initial elementor-widget elementor-widget-heading\" data-id=\"6e88f12\" data-element_type=\"widget\" data-widget_type=\"heading.default\">\n\t\t\t\t\t<h3 class=\"elementor-heading-title elementor-size-default\">ISLAS BALEARES HOTSPOTS<\/h3>\t\t\t\t<\/div>\n\t\t\t\t<div class=\"elementor-element elementor-element-7af75ad elementor-widget__width-initial elementor-widget elementor-widget-heading\" data-id=\"7af75ad\" data-element_type=\"widget\" data-widget_type=\"heading.default\">\n\t\t\t\t\t<h3 class=\"elementor-heading-title elementor-size-default\">\nCala Macarella, Menorca<\/h3>\t\t\t\t<\/div>\n\t\t\t\t<div class=\"elementor-element elementor-element-72db6ec elementor-widget__width-initial elementor-widget elementor-widget-text-editor\" data-id=\"72db6ec\" data-element_type=\"widget\" data-widget_type=\"text-editor.default\">\n\t\t\t\t\t\t\t\t\t<p>Fondea tu yate o velero frente a Cala Macarella, en Menorca, y disfruta de un d\u00eda de relax en una de las calas m\u00e1s paradis\u00edacas de la isla. Rodeada de pinos y acantilados, esta playa ofrece un paisaje impresionante y la posibilidad de recorrer rutas de senderismo que conectan con la vecina Cala Macarelleta. Durante el d\u00eda, b\u00e1\u00f1ate en aguas turquesas y disfruta del entorno natural protegido. Para saborear la gastronom\u00eda local, puedes acercarte al peque\u00f1o restaurante de la cala o, si buscas marisco fresco y especialidades menorquinas, reservar en los restaurantes de Ciutadella. Por la noche, rel\u00e1jate en la master suite de tu yate privado fondeado en uno de los enclaves m\u00e1s bellos del Mediterr\u00e1neo.<\/p>\t\t\t\t\t\t\t\t<\/div>\n\t\t\t\t<\/div>\n\t\t\t\t<\/div>\n\t\t\t\t\t<\/div>\n\t\t\t\t<\/div>\n\t\t<div class=\"elementor-element elementor-element-f631114 e-flex e-con-boxed e-con e-parent\" data-id=\"f631114\" data-element_type=\"container\">\n\t\t\t\t\t<div class=\"e-con-inner\">\n\t\t\t\t<div class=\"elementor-element elementor-element-3233ba4 elementor-widget elementor-widget-shortcode\" data-id=\"3233ba4\" data-element_type=\"widget\" data-widget_type=\"shortcode.default\">\n\t\t\t\t\t\t\t<div class=\"elementor-shortcode\">    <div class=\"elementor-element elementor-widget elementor-widget-button destinationcta\" data-element_type=\"widget\" data-widget_type=\"button.default\">\n      <div class=\"elementor-widget-container\">\n        <div class=\"elementor-button-wrapper\">\n          <button class=\"elementor-button elementor-button-link elementor-size-sm openEnquireModal\" >\u00a1Cont\u00e1ctanos para m\u00e1s informaci\u00f3n!<\/button>\n        <\/div>\n      <\/div>\n    <\/div>\n    <\/div>\n\t\t\t\t\t\t<\/div>\n\t\t\t\t\t<\/div>\n\t\t\t\t<\/div>\n\t\t\t\t<\/div>\n\t\t","protected":false},"excerpt":{"rendered":"<p>Alquiler de yates de lujo en Islas Baleares Emb\u00e1rcate en una aventura de lujo por las Islas Baleares a bordo de un yate exclusivo. Alquila una embarcaci\u00f3n y navega por este archipi\u00e9lago del Mediterr\u00e1neo, capaz de ofrecer la combinaci\u00f3n perfecta entre naturaleza, playas de ensue\u00f1o, cultura y gastronom\u00eda de primer nivel. Rel\u00e1jate y d\u00e9jate cuidar [&hellip;]<\/p>\n","protected":false},"featured_media":27943,"template":"","class_list":["post-26339","destination","type-destination","status-publish","has-post-thumbnail","hentry"],"acf":[],"_links":{"self":[{"href":"https:\/\/www.charteranddreams.com\/es\/wp-json\/wp\/v2\/destination\/26339","targetHints":{"allow":["GET"]}}],"collection":[{"href":"https:\/\/www.charteranddreams.com\/es\/wp-json\/wp\/v2\/destination"}],"about":[{"href":"https:\/\/www.charteranddreams.com\/es\/wp-json\/wp\/v2\/types\/destination"}],"version-history":[{"count":53,"href":"https:\/\/www.charteranddreams.com\/es\/wp-json\/wp\/v2\/destination\/26339\/revisions"}],"predecessor-version":[{"id":112240,"href":"https:\/\/www.charteranddreams.com\/es\/wp-json\/wp\/v2\/destination\/26339\/revisions\/112240"}],"wp:featuredmedia":[{"embeddable":true,"href":"https:\/\/www.charteranddreams.com\/es\/wp-json\/wp\/v2\/media\/27943"}],"wp:attachment":[{"href":"https:\/\/www.charteranddreams.com\/es\/wp-json\/wp\/v2\/media?parent=26339"}],"curies":[{"name":"wp","href":"https:\/\/api.w.org\/{rel}","templated":true}]}}