{"id":101856,"date":"2025-04-24T22:24:55","date_gmt":"2025-04-24T20:24:55","guid":{"rendered":"https:\/\/www.charteranddreams.com\/?post_type=destination&#038;p=101856"},"modified":"2026-04-12T19:04:59","modified_gmt":"2026-04-12T17:04:59","slug":"the-mediterranean","status":"publish","type":"destination","link":"https:\/\/www.charteranddreams.com\/es\/destination\/the-mediterranean\/","title":{"rendered":"Mediterr\u00e1neo"},"content":{"rendered":"\t\t<div data-elementor-type=\"wp-post\" data-elementor-id=\"101856\" class=\"elementor elementor-101856 elementor-101854\" data-elementor-post-type=\"destination\">\n\t\t\t\t<div class=\"elementor-element elementor-element-c6bb3a8 e-con-full e-flex e-con e-parent\" data-id=\"c6bb3a8\" data-element_type=\"container\" data-settings=\"{&quot;background_background&quot;:&quot;classic&quot;}\">\n\t\t\t\t<div class=\"elementor-element elementor-element-4b70232 elementor-widget elementor-widget-image\" data-id=\"4b70232\" data-element_type=\"widget\" data-widget_type=\"image.default\">\n\t\t\t\t\t\t\t\t\t\t\t\t\t\t\t<img decoding=\"async\" width=\"2121\" height=\"1413\" src=\"https:\/\/www.charteranddreams.com\/wp-content\/uploads\/2023\/12\/spain-balearic-islands-ibiza.jpeg\" class=\"attachment-full size-full wp-image-90774\" alt=\"Aerial view of Cala d\u2019Hort, Ibiza, Es Vedr\u00e0 at the horizon and some yachts around\" srcset=\"https:\/\/www.charteranddreams.com\/wp-content\/uploads\/2023\/12\/spain-balearic-islands-ibiza.jpeg 2121w, https:\/\/www.charteranddreams.com\/wp-content\/uploads\/2023\/12\/spain-balearic-islands-ibiza-992x661.jpeg 992w, https:\/\/www.charteranddreams.com\/wp-content\/uploads\/2023\/12\/spain-balearic-islands-ibiza-1550x1033.jpeg 1550w, https:\/\/www.charteranddreams.com\/wp-content\/uploads\/2023\/12\/spain-balearic-islands-ibiza-576x384.jpeg 576w, https:\/\/www.charteranddreams.com\/wp-content\/uploads\/2023\/12\/spain-balearic-islands-ibiza-768x512.jpeg 768w, https:\/\/www.charteranddreams.com\/wp-content\/uploads\/2023\/12\/spain-balearic-islands-ibiza-1536x1023.jpeg 1536w, https:\/\/www.charteranddreams.com\/wp-content\/uploads\/2023\/12\/spain-balearic-islands-ibiza-2048x1364.jpeg 2048w, https:\/\/www.charteranddreams.com\/wp-content\/uploads\/2023\/12\/spain-balearic-islands-ibiza-1900x1266.jpeg 1900w\" sizes=\"(max-width: 2121px) 100vw, 2121px\" \/>\t\t\t\t\t\t\t\t\t\t\t\t\t\t\t<\/div>\n\t\t<div class=\"elementor-element elementor-element-4286c59 e-flex e-con-boxed e-con e-child\" data-id=\"4286c59\" data-element_type=\"container\" data-settings=\"{&quot;position&quot;:&quot;absolute&quot;}\">\n\t\t\t\t\t<div class=\"e-con-inner\">\n\t\t\t\t<div class=\"elementor-element elementor-element-763ae4f elementor-widget__width-initial elementor-widget elementor-widget-heading\" data-id=\"763ae4f\" data-element_type=\"widget\" data-widget_type=\"heading.default\">\n\t\t\t\t\t<h1 class=\"elementor-heading-title elementor-size-default\">Mediterr\u00e1neo<\/h1>\t\t\t\t<\/div>\n\t\t\t\t<div class=\"elementor-element elementor-element-8e61b37 elementor-widget__width-initial elementor-widget elementor-widget-text-editor\" data-id=\"8e61b37\" data-element_type=\"widget\" data-widget_type=\"text-editor.default\">\n\t\t\t\t\t\t\t\t\tNavegar por el Mediterr\u00e1neo a bordo de un yate de lujo es una experiencia inigualable. Desde paisajes espectaculares hasta ciudades costeras con una historia milenaria, esta regi\u00f3n ofrece una navegaci\u00f3n perfecta entre aguas turquesas y puertos rebosantes de encanto. \t\t\t\t\t\t\t\t<\/div>\n\t\t\t\t\t<\/div>\n\t\t\t\t<\/div>\n\t\t\t\t<\/div>\n\t\t<div class=\"elementor-element elementor-element-56067694 e-con-full scrollable-buttons e-flex e-con e-child\" data-id=\"56067694\" data-element_type=\"container\" data-settings=\"{&quot;background_background&quot;:&quot;classic&quot;}\">\n\t\t\t\t<div class=\"elementor-element elementor-element-21147fc5 elementor-widget elementor-widget-button\" data-id=\"21147fc5\" data-element_type=\"widget\" data-widget_type=\"button.default\">\n\t\t\t\t\t\t\t\t\t\t<a class=\"elementor-button elementor-button-link elementor-size-sm\" href=\"#about\">\n\t\t\t\t\t\t<span class=\"elementor-button-content-wrapper\">\n\t\t\t\t\t\t\t\t\t<span class=\"elementor-button-text\">SOBRE EL DESTINO<\/span>\n\t\t\t\t\t<\/span>\n\t\t\t\t\t<\/a>\n\t\t\t\t\t\t\t\t<\/div>\n\t\t\t\t<div class=\"elementor-element elementor-element-5fc65b72 elementor-widget elementor-widget-button\" data-id=\"5fc65b72\" data-element_type=\"widget\" data-widget_type=\"button.default\">\n\t\t\t\t\t\t\t\t\t\t<a class=\"elementor-button elementor-button-link elementor-size-sm\" href=\"#spots\">\n\t\t\t\t\t\t<span class=\"elementor-button-content-wrapper\">\n\t\t\t\t\t\t\t\t\t<span class=\"elementor-button-text\">PUNTOS FAVORITOS<\/span>\n\t\t\t\t\t<\/span>\n\t\t\t\t\t<\/a>\n\t\t\t\t\t\t\t\t<\/div>\n\t\t\t\t<div class=\"elementor-element elementor-element-6e63592 elementor-widget elementor-widget-shortcode\" data-id=\"6e63592\" data-element_type=\"widget\" data-widget_type=\"shortcode.default\">\n\t\t\t\t\t\t\t<div class=\"elementor-shortcode\"><\/div>\n\t\t\t\t\t\t<\/div>\n\t\t\t\t<\/div>\n\t\t<div class=\"elementor-element elementor-element-9ad86f6 e-flex e-con-boxed e-con e-parent\" data-id=\"9ad86f6\" data-element_type=\"container\">\n\t\t\t\t\t<div class=\"e-con-inner\">\n\t\t\t\t<div class=\"elementor-element elementor-element-4583d2b elementor-widget elementor-widget-heading\" data-id=\"4583d2b\" data-element_type=\"widget\" data-widget_type=\"heading.default\">\n\t\t\t\t\t<h3 class=\"elementor-heading-title elementor-size-default\">Alquiler de yates en el Mediterr\u00e1neo<\/h3>\t\t\t\t<\/div>\n\t\t\t\t<div class=\"elementor-element elementor-element-0b94f3a elementor-widget__width-initial elementor-widget elementor-widget-text-editor\" data-id=\"0b94f3a\" data-element_type=\"widget\" data-widget_type=\"text-editor.default\">\n\t\t\t\t\t\t\t\t\t<p>Alquilar un yate en el Mediterr\u00e1neo significa sumergirse en un universo de lujo, libertad y experiencias inolvidables. Esta regi\u00f3n es el epicentro del turismo n\u00e1utico gracias a su clima c\u00e1lido, su gastronom\u00eda de primer nivel y su variedad de destinos, cada uno con su propio car\u00e1cter. Las <strong>Islas Baleares<\/strong> son ideales para quienes buscan playas paradis\u00edacas y algo de vida nocturna, mientras que la <strong>Costa Azul<\/strong> es el lugar perfecto para el glamour y la sofisticaci\u00f3n, con destinos ic\u00f3nicos como Saint-Tropez, Cannes y M\u00f3naco.<\/p><p>Si prefieres la esencia italiana, la <strong>Costa de Amalfi<\/strong> y la Riviera Italiana ofrecen acantilados impresionantes, pueblos con encanto y una cocina que deleita todos los sentidos. Para los amantes de la aventura, <strong>C\u00f3rcega y Cerde\u00f1a<\/strong> combinan paisajes salvajes con playas de arena blanca, mientras que <strong>Sicilia<\/strong> y las <strong>Islas Eolias<\/strong> son el destino ideal para descubrir volcanes activos y aguas cristalinas.<\/p><p>\u00a0<\/p><h3><em>Cada uno de estos destinos del Mediterr\u00e1neo garantiza una traves\u00eda excepcional a bordo de un yate de lujo.<\/em><\/h3>\t\t\t\t\t\t\t\t<\/div>\n\t\t\t\t\t<\/div>\n\t\t\t\t<\/div>\n\t\t<div class=\"elementor-element elementor-element-353ec00 e-flex e-con-boxed e-con e-parent\" data-id=\"353ec00\" data-element_type=\"container\" data-settings=\"{&quot;background_background&quot;:&quot;classic&quot;}\">\n\t\t\t\t\t<div class=\"e-con-inner\">\n\t\t\t\t<div class=\"elementor-element elementor-element-02269e7 elementor-widget elementor-widget-shortcode\" data-id=\"02269e7\" data-element_type=\"widget\" data-widget_type=\"shortcode.default\">\n\t\t\t\t\t\t\t<div class=\"elementor-shortcode\">    <div class=\"elementor-element elementor-widget elementor-widget-button destinationcta\" data-element_type=\"widget\" data-widget_type=\"button.default\">\n      <div class=\"elementor-widget-container\">\n        <div class=\"elementor-button-wrapper\">\n          <button class=\"elementor-button elementor-button-link elementor-size-sm openEnquireModal\" >\u00a1Cont\u00e1ctanos para m\u00e1s informaci\u00f3n!<\/button>\n        <\/div>\n      <\/div>\n    <\/div>\n    <\/div>\n\t\t\t\t\t\t<\/div>\n\t\t\t\t\t<\/div>\n\t\t\t\t<\/div>\n\t\t<div class=\"elementor-element elementor-element-45ee11e e-flex e-con-boxed e-con e-parent\" data-id=\"45ee11e\" data-element_type=\"container\">\n\t\t\t\t\t<div class=\"e-con-inner\">\n\t\t<div class=\"elementor-element elementor-element-6d769e4a e-flex e-con-boxed e-con e-child\" data-id=\"6d769e4a\" data-element_type=\"container\">\n\t\t\t\t\t<div class=\"e-con-inner\">\n\t\t<div class=\"elementor-element elementor-element-571d8402 e-con-full e-flex e-con e-child\" data-id=\"571d8402\" data-element_type=\"container\">\n\t\t\t\t<div class=\"elementor-element elementor-element-1f07ee8b elementor-widget elementor-widget-heading\" data-id=\"1f07ee8b\" data-element_type=\"widget\" id=\"spots\" data-widget_type=\"heading.default\">\n\t\t\t\t\t<h4 class=\"elementor-heading-title elementor-size-small\">Destinos favoritos en el Mediterr\u00e1neo<\/h4>\t\t\t\t<\/div>\n\t\t<div class=\"elementor-element elementor-element-33df8cb e-con-full e-flex e-con e-child\" data-id=\"33df8cb\" data-element_type=\"container\" data-settings=\"{&quot;background_background&quot;:&quot;classic&quot;}\">\n\t\t<div class=\"elementor-element elementor-element-e747e3f e-con-full e-flex e-con e-child\" data-id=\"e747e3f\" data-element_type=\"container\" data-settings=\"{&quot;background_background&quot;:&quot;classic&quot;}\">\n\t\t\t\t<div class=\"elementor-element elementor-element-a32562e elementor-hidden-desktop elementor-hidden-tablet elementor-widget elementor-widget-image\" data-id=\"a32562e\" data-element_type=\"widget\" data-widget_type=\"image.default\">\n\t\t\t\t\t\t\t\t\t\t\t\t\t\t\t<img decoding=\"async\" width=\"992\" height=\"661\" src=\"https:\/\/www.charteranddreams.com\/wp-content\/uploads\/2023\/12\/spain-balearic-islands-ibiza-992x661.jpeg\" class=\"attachment-medium size-medium wp-image-90774\" alt=\"Aerial view of Cala d\u2019Hort, Ibiza, Es Vedr\u00e0 at the horizon and some yachts around\" srcset=\"https:\/\/www.charteranddreams.com\/wp-content\/uploads\/2023\/12\/spain-balearic-islands-ibiza-992x661.jpeg 992w, https:\/\/www.charteranddreams.com\/wp-content\/uploads\/2023\/12\/spain-balearic-islands-ibiza-1550x1033.jpeg 1550w, https:\/\/www.charteranddreams.com\/wp-content\/uploads\/2023\/12\/spain-balearic-islands-ibiza-576x384.jpeg 576w, https:\/\/www.charteranddreams.com\/wp-content\/uploads\/2023\/12\/spain-balearic-islands-ibiza-768x512.jpeg 768w, https:\/\/www.charteranddreams.com\/wp-content\/uploads\/2023\/12\/spain-balearic-islands-ibiza-1536x1023.jpeg 1536w, https:\/\/www.charteranddreams.com\/wp-content\/uploads\/2023\/12\/spain-balearic-islands-ibiza-2048x1364.jpeg 2048w, https:\/\/www.charteranddreams.com\/wp-content\/uploads\/2023\/12\/spain-balearic-islands-ibiza-1900x1266.jpeg 1900w\" sizes=\"(max-width: 992px) 100vw, 992px\" \/>\t\t\t\t\t\t\t\t\t\t\t\t\t\t\t<\/div>\n\t\t\t\t<div class=\"elementor-element elementor-element-641c7c4 elementor-widget__width-initial elementor-widget elementor-widget-heading\" data-id=\"641c7c4\" data-element_type=\"widget\" data-widget_type=\"heading.default\">\n\t\t\t\t\t<h3 class=\"elementor-heading-title elementor-size-default\">DESTINOS FAVORITOS EN EL MEDITERR\u00c1NEO<\/h3>\t\t\t\t<\/div>\n\t\t\t\t<div class=\"elementor-element elementor-element-9e2880b elementor-widget__width-initial elementor-widget elementor-widget-heading\" data-id=\"9e2880b\" data-element_type=\"widget\" data-widget_type=\"heading.default\">\n\t\t\t\t\t<h3 class=\"elementor-heading-title elementor-size-default\">Islas Baleares<\/h3>\t\t\t\t<\/div>\n\t\t\t\t<div class=\"elementor-element elementor-element-9edc80c elementor-widget__width-initial elementor-widget elementor-widget-text-editor\" data-id=\"9edc80c\" data-element_type=\"widget\" data-widget_type=\"text-editor.default\">\n\t\t\t\t\t\t\t\t\tUn para\u00edso mediterr\u00e1neo con playas de arena blanca, calas escondidas y una vibrante vida nocturna. Ibiza, Mallorca, Menorca y Formentera son destinos imprescindibles para cualquier amante del mar.\t\t\t\t\t\t\t\t<\/div>\n\t\t\t\t<\/div>\n\t\t\t\t<\/div>\n\t\t<div class=\"elementor-element elementor-element-8958384 e-con-full e-flex e-con e-child\" data-id=\"8958384\" data-element_type=\"container\" data-settings=\"{&quot;background_background&quot;:&quot;classic&quot;}\">\n\t\t<div class=\"elementor-element elementor-element-cd4ad11 e-con-full e-flex e-con e-child\" data-id=\"cd4ad11\" data-element_type=\"container\" data-settings=\"{&quot;background_background&quot;:&quot;classic&quot;}\">\n\t\t\t\t<div class=\"elementor-element elementor-element-bb6413f elementor-hidden-desktop elementor-hidden-tablet elementor-widget elementor-widget-image\" data-id=\"bb6413f\" data-element_type=\"widget\" data-widget_type=\"image.default\">\n\t\t\t\t\t\t\t\t\t\t\t\t\t\t\t<img decoding=\"async\" width=\"2560\" height=\"1991\" src=\"https:\/\/www.charteranddreams.com\/wp-content\/uploads\/2024\/02\/costa-brava1-scaled.jpg\" class=\"attachment-full size-full wp-image-24363\" alt=\"Landscapes and details of the Coast Brave (Costa Brava) in Girona (Spain)\" srcset=\"https:\/\/www.charteranddreams.com\/wp-content\/uploads\/2024\/02\/costa-brava1-scaled.jpg 2560w, https:\/\/www.charteranddreams.com\/wp-content\/uploads\/2024\/02\/costa-brava1-992x772.jpg 992w, https:\/\/www.charteranddreams.com\/wp-content\/uploads\/2024\/02\/costa-brava1-1400x1089.jpg 1400w, https:\/\/www.charteranddreams.com\/wp-content\/uploads\/2024\/02\/costa-brava1-576x448.jpg 576w, https:\/\/www.charteranddreams.com\/wp-content\/uploads\/2024\/02\/costa-brava1-768x597.jpg 768w, https:\/\/www.charteranddreams.com\/wp-content\/uploads\/2024\/02\/costa-brava1-1536x1195.jpg 1536w, https:\/\/www.charteranddreams.com\/wp-content\/uploads\/2024\/02\/costa-brava1-2048x1593.jpg 2048w\" sizes=\"(max-width: 2560px) 100vw, 2560px\" \/>\t\t\t\t\t\t\t\t\t\t\t\t\t\t\t<\/div>\n\t\t\t\t<div class=\"elementor-element elementor-element-e49c152 elementor-widget__width-initial elementor-widget elementor-widget-heading\" data-id=\"e49c152\" data-element_type=\"widget\" data-widget_type=\"heading.default\">\n\t\t\t\t\t<h3 class=\"elementor-heading-title elementor-size-default\">DESTINOS FAVORITOS EN EL MEDITERR\u00c1NEO<\/h3>\t\t\t\t<\/div>\n\t\t\t\t<div class=\"elementor-element elementor-element-638d187 elementor-widget__width-initial elementor-widget elementor-widget-heading\" data-id=\"638d187\" data-element_type=\"widget\" data-widget_type=\"heading.default\">\n\t\t\t\t\t<h3 class=\"elementor-heading-title elementor-size-default\">Barcelona y Costa Brava (Catalu\u00f1a)<\/h3>\t\t\t\t<\/div>\n\t\t\t\t<div class=\"elementor-element elementor-element-155f032 elementor-widget__width-initial elementor-widget elementor-widget-text-editor\" data-id=\"155f032\" data-element_type=\"widget\" data-widget_type=\"text-editor.default\">\n\t\t\t\t\t\t\t\t\tUna combinaci\u00f3n perfecta de cultura, gastronom\u00eda y naturaleza. Desde la vibrante Barcelona hasta los paisajes rocosos de la Costa Brava, este destino ofrece una experiencia n\u00e1utica \u00fanica.\t\t\t\t\t\t\t\t<\/div>\n\t\t\t\t<\/div>\n\t\t\t\t<\/div>\n\t\t\t\t<\/div>\n\t\t<div class=\"elementor-element elementor-element-5b938d2a e-flex e-con-boxed e-con e-child\" data-id=\"5b938d2a\" data-element_type=\"container\" data-settings=\"{&quot;background_background&quot;:&quot;classic&quot;}\">\n\t\t\t\t\t<div class=\"e-con-inner\">\n\t\t<div class=\"elementor-element elementor-element-1a460c0b e-con-full e-flex e-con e-child\" data-id=\"1a460c0b\" data-element_type=\"container\" data-settings=\"{&quot;background_background&quot;:&quot;classic&quot;}\">\n\t\t<div class=\"elementor-element elementor-element-e174a24 e-con-full e-flex e-con e-child\" data-id=\"e174a24\" data-element_type=\"container\" data-settings=\"{&quot;background_background&quot;:&quot;classic&quot;}\">\n\t\t\t\t<div class=\"elementor-element elementor-element-18711899 elementor-hidden-desktop elementor-hidden-tablet elementor-widget elementor-widget-image\" data-id=\"18711899\" data-element_type=\"widget\" data-widget_type=\"image.default\">\n\t\t\t\t\t\t\t\t\t\t\t\t\t\t\t<img decoding=\"async\" width=\"992\" height=\"558\" src=\"https:\/\/www.charteranddreams.com\/wp-content\/uploads\/2025\/03\/Monago-GP1-992x558.jpg\" class=\"attachment-medium size-medium wp-image-101647\" alt=\"\" srcset=\"https:\/\/www.charteranddreams.com\/wp-content\/uploads\/2025\/03\/Monago-GP1-992x558.jpg 992w, https:\/\/www.charteranddreams.com\/wp-content\/uploads\/2025\/03\/Monago-GP1-1550x872.jpg 1550w, https:\/\/www.charteranddreams.com\/wp-content\/uploads\/2025\/03\/Monago-GP1-576x324.jpg 576w, https:\/\/www.charteranddreams.com\/wp-content\/uploads\/2025\/03\/Monago-GP1-768x432.jpg 768w, https:\/\/www.charteranddreams.com\/wp-content\/uploads\/2025\/03\/Monago-GP1-1536x864.jpg 1536w, https:\/\/www.charteranddreams.com\/wp-content\/uploads\/2025\/03\/Monago-GP1-1900x1069.jpg 1900w, https:\/\/www.charteranddreams.com\/wp-content\/uploads\/2025\/03\/Monago-GP1.jpg 1920w\" sizes=\"(max-width: 992px) 100vw, 992px\" \/>\t\t\t\t\t\t\t\t\t\t\t\t\t\t\t<\/div>\n\t\t\t\t<div class=\"elementor-element elementor-element-5f9a6ca4 elementor-widget__width-initial elementor-widget elementor-widget-heading\" data-id=\"5f9a6ca4\" data-element_type=\"widget\" data-widget_type=\"heading.default\">\n\t\t\t\t\t<h3 class=\"elementor-heading-title elementor-size-default\">DESTINOS FAVORITOS EN EL MEDITERR\u00c1NEO<\/h3>\t\t\t\t<\/div>\n\t\t\t\t<div class=\"elementor-element elementor-element-7cc980e0 elementor-widget__width-initial elementor-widget elementor-widget-heading\" data-id=\"7cc980e0\" data-element_type=\"widget\" data-widget_type=\"heading.default\">\n\t\t\t\t\t<h3 class=\"elementor-heading-title elementor-size-default\">Riviera Francesa y M\u00f3naco<\/h3>\t\t\t\t<\/div>\n\t\t\t\t<div class=\"elementor-element elementor-element-490164ce elementor-widget__width-initial elementor-widget elementor-widget-text-editor\" data-id=\"490164ce\" data-element_type=\"widget\" data-widget_type=\"text-editor.default\">\n\t\t\t\t\t\t\t\t\tGlamour, exclusividad y eventos ic\u00f3nicos. Desde los puertos de Cannes y Saint-Tropez hasta la sofisticaci\u00f3n de Montecarlo, esta zona es perfecta para quienes buscan lujo y vida nocturna.\t\t\t\t\t\t\t\t<\/div>\n\t\t\t\t<\/div>\n\t\t\t\t<\/div>\n\t\t\t\t\t<\/div>\n\t\t\t\t<\/div>\n\t\t<div class=\"elementor-element elementor-element-15be9be5 e-flex e-con-boxed e-con e-child\" data-id=\"15be9be5\" data-element_type=\"container\" data-settings=\"{&quot;background_background&quot;:&quot;classic&quot;}\">\n\t\t\t\t\t<div class=\"e-con-inner\">\n\t\t<div class=\"elementor-element elementor-element-49ed3c73 e-con-full e-flex e-con e-child\" data-id=\"49ed3c73\" data-element_type=\"container\" data-settings=\"{&quot;background_background&quot;:&quot;classic&quot;}\">\n\t\t<div class=\"elementor-element elementor-element-7f4909d8 e-con-full e-flex e-con e-child\" data-id=\"7f4909d8\" data-element_type=\"container\" data-settings=\"{&quot;background_background&quot;:&quot;classic&quot;}\">\n\t\t\t\t<div class=\"elementor-element elementor-element-33a39d9a elementor-hidden-desktop elementor-hidden-tablet elementor-widget elementor-widget-image\" data-id=\"33a39d9a\" data-element_type=\"widget\" data-widget_type=\"image.default\">\n\t\t\t\t\t\t\t\t\t\t\t\t\t\t\t<img decoding=\"async\" width=\"992\" height=\"436\" src=\"https:\/\/www.charteranddreams.com\/wp-content\/uploads\/2024\/05\/alquiler_yate_corcega_islas_sanguinarias_corsica_charter-992x436.jpg\" class=\"attachment-medium size-medium wp-image-29016\" alt=\"Aerial view of the Corsican islands with their turquoise waters and green hills\" srcset=\"https:\/\/www.charteranddreams.com\/wp-content\/uploads\/2024\/05\/alquiler_yate_corcega_islas_sanguinarias_corsica_charter-992x436.jpg 992w, https:\/\/www.charteranddreams.com\/wp-content\/uploads\/2024\/05\/alquiler_yate_corcega_islas_sanguinarias_corsica_charter-1400x616.jpg 1400w, https:\/\/www.charteranddreams.com\/wp-content\/uploads\/2024\/05\/alquiler_yate_corcega_islas_sanguinarias_corsica_charter-576x253.jpg 576w, https:\/\/www.charteranddreams.com\/wp-content\/uploads\/2024\/05\/alquiler_yate_corcega_islas_sanguinarias_corsica_charter-768x338.jpg 768w, https:\/\/www.charteranddreams.com\/wp-content\/uploads\/2024\/05\/alquiler_yate_corcega_islas_sanguinarias_corsica_charter.jpg 1450w\" sizes=\"(max-width: 992px) 100vw, 992px\" \/>\t\t\t\t\t\t\t\t\t\t\t\t\t\t\t<\/div>\n\t\t\t\t<div class=\"elementor-element elementor-element-7a52484e elementor-widget__width-initial elementor-widget elementor-widget-heading\" data-id=\"7a52484e\" data-element_type=\"widget\" data-widget_type=\"heading.default\">\n\t\t\t\t\t<h3 class=\"elementor-heading-title elementor-size-default\">DESTINOS FAVORITOS EN EL MEDITERR\u00c1NEO<\/h3>\t\t\t\t<\/div>\n\t\t\t\t<div class=\"elementor-element elementor-element-50717bd4 elementor-widget__width-initial elementor-widget elementor-widget-heading\" data-id=\"50717bd4\" data-element_type=\"widget\" data-widget_type=\"heading.default\">\n\t\t\t\t\t<h3 class=\"elementor-heading-title elementor-size-default\">C\u00f3rcega y Cerde\u00f1a<\/h3>\t\t\t\t<\/div>\n\t\t\t\t<div class=\"elementor-element elementor-element-6efe0d8f elementor-widget__width-initial elementor-widget elementor-widget-text-editor\" data-id=\"6efe0d8f\" data-element_type=\"widget\" data-widget_type=\"text-editor.default\">\n\t\t\t\t\t\t\t\t\tDos islas que combinan naturaleza virgen y playas espectaculares. C\u00f3rcega ofrece monta\u00f1as y cultura francesa, mientras que Cerde\u00f1a deslumbra con la Costa Esmeralda y su atm\u00f3sfera sofisticada.\t\t\t\t\t\t\t\t<\/div>\n\t\t\t\t<\/div>\n\t\t\t\t<\/div>\n\t\t\t\t\t<\/div>\n\t\t\t\t<\/div>\n\t\t<div class=\"elementor-element elementor-element-4f392e60 e-con-full e-flex e-con e-child\" data-id=\"4f392e60\" data-element_type=\"container\" data-settings=\"{&quot;background_background&quot;:&quot;classic&quot;}\">\n\t\t<div class=\"elementor-element elementor-element-2f50e79a e-con-full e-flex e-con e-child\" data-id=\"2f50e79a\" data-element_type=\"container\" data-settings=\"{&quot;background_background&quot;:&quot;classic&quot;}\">\n\t\t\t\t<div class=\"elementor-element elementor-element-450ef39d elementor-hidden-desktop elementor-hidden-tablet elementor-widget elementor-widget-image\" data-id=\"450ef39d\" data-element_type=\"widget\" data-widget_type=\"image.default\">\n\t\t\t\t\t\t\t\t\t\t\t\t\t\t\t<img decoding=\"async\" width=\"992\" height=\"436\" src=\"https:\/\/www.charteranddreams.com\/wp-content\/uploads\/2024\/04\/alquiler_yate_stromboli_islas_eolias_sicilia_charter-1-992x436.jpg\" class=\"attachment-medium size-medium wp-image-33204\" alt=\"volcanic eruption at night, with molten lava and glowing rocks spewing from the crater and flowing down the side of the mountain. The fiery red and orange lava sharply contrasts with the dark night sky and the silhouette of the volcano. The activity is consistent with a &quot;Strombolian eruption,&quot; which is characterized by frequent, mild explosions of incandescent lava\" srcset=\"https:\/\/www.charteranddreams.com\/wp-content\/uploads\/2024\/04\/alquiler_yate_stromboli_islas_eolias_sicilia_charter-1-992x436.jpg 992w, https:\/\/www.charteranddreams.com\/wp-content\/uploads\/2024\/04\/alquiler_yate_stromboli_islas_eolias_sicilia_charter-1-576x253.jpg 576w, https:\/\/www.charteranddreams.com\/wp-content\/uploads\/2024\/04\/alquiler_yate_stromboli_islas_eolias_sicilia_charter-1-768x338.jpg 768w, https:\/\/www.charteranddreams.com\/wp-content\/uploads\/2024\/04\/alquiler_yate_stromboli_islas_eolias_sicilia_charter-1.jpg 1450w\" sizes=\"(max-width: 992px) 100vw, 992px\" \/>\t\t\t\t\t\t\t\t\t\t\t\t\t\t\t<\/div>\n\t\t\t\t<div class=\"elementor-element elementor-element-35fb416b elementor-widget__width-initial elementor-widget elementor-widget-heading\" data-id=\"35fb416b\" data-element_type=\"widget\" data-widget_type=\"heading.default\">\n\t\t\t\t\t<h3 class=\"elementor-heading-title elementor-size-default\">DESTINOS FAVORITOS EN EL MEDITERR\u00c1NEO<\/h3>\t\t\t\t<\/div>\n\t\t\t\t<div class=\"elementor-element elementor-element-294cfc44 elementor-widget__width-initial elementor-widget elementor-widget-heading\" data-id=\"294cfc44\" data-element_type=\"widget\" data-widget_type=\"heading.default\">\n\t\t\t\t\t<h3 class=\"elementor-heading-title elementor-size-default\">Sicilia &amp; Islas Eolias<\/h3>\t\t\t\t<\/div>\n\t\t\t\t<div class=\"elementor-element elementor-element-655072c9 elementor-widget__width-initial elementor-widget elementor-widget-text-editor\" data-id=\"655072c9\" data-element_type=\"widget\" data-widget_type=\"text-editor.default\">\n\t\t\t\t\t\t\t\t\t<p><span style=\"font-weight: 400\">Playas volc\u00e1nicas, aguas cristalinas y una historia fascinante. Descubre la majestuosidad del Etna, la belleza de Stromboli y la autenticidad de las costas sicilianas.<\/span><\/p>\t\t\t\t\t\t\t\t<\/div>\n\t\t\t\t<\/div>\n\t\t\t\t<\/div>\n\t\t<div class=\"elementor-element elementor-element-6927e05 e-flex e-con-boxed e-con e-child\" data-id=\"6927e05\" data-element_type=\"container\" data-settings=\"{&quot;background_background&quot;:&quot;classic&quot;}\">\n\t\t\t\t\t<div class=\"e-con-inner\">\n\t\t<div class=\"elementor-element elementor-element-1837f81a e-con-full e-flex e-con e-child\" data-id=\"1837f81a\" data-element_type=\"container\" data-settings=\"{&quot;background_background&quot;:&quot;classic&quot;}\">\n\t\t<div class=\"elementor-element elementor-element-469c5a29 e-con-full e-flex e-con e-child\" data-id=\"469c5a29\" data-element_type=\"container\" data-settings=\"{&quot;background_background&quot;:&quot;classic&quot;}\">\n\t\t\t\t<div class=\"elementor-element elementor-element-4a5e22d4 elementor-hidden-desktop elementor-hidden-tablet elementor-widget elementor-widget-image\" data-id=\"4a5e22d4\" data-element_type=\"widget\" data-widget_type=\"image.default\">\n\t\t\t\t\t\t\t\t\t\t\t\t\t\t\t<img decoding=\"async\" width=\"992\" height=\"661\" src=\"https:\/\/www.charteranddreams.com\/wp-content\/uploads\/2024\/12\/italian-riviera-992x661.jpg\" class=\"attachment-medium size-medium wp-image-95704\" alt=\"\" srcset=\"https:\/\/www.charteranddreams.com\/wp-content\/uploads\/2024\/12\/italian-riviera-992x661.jpg 992w, https:\/\/www.charteranddreams.com\/wp-content\/uploads\/2024\/12\/italian-riviera-1550x1033.jpg 1550w, https:\/\/www.charteranddreams.com\/wp-content\/uploads\/2024\/12\/italian-riviera-576x384.jpg 576w, https:\/\/www.charteranddreams.com\/wp-content\/uploads\/2024\/12\/italian-riviera-768x512.jpg 768w, https:\/\/www.charteranddreams.com\/wp-content\/uploads\/2024\/12\/italian-riviera-1536x1024.jpg 1536w, https:\/\/www.charteranddreams.com\/wp-content\/uploads\/2024\/12\/italian-riviera-2048x1365.jpg 2048w, https:\/\/www.charteranddreams.com\/wp-content\/uploads\/2024\/12\/italian-riviera-1900x1267.jpg 1900w\" sizes=\"(max-width: 992px) 100vw, 992px\" \/>\t\t\t\t\t\t\t\t\t\t\t\t\t\t\t<\/div>\n\t\t\t\t<div class=\"elementor-element elementor-element-2a64136b elementor-widget__width-initial elementor-widget elementor-widget-heading\" data-id=\"2a64136b\" data-element_type=\"widget\" data-widget_type=\"heading.default\">\n\t\t\t\t\t<h3 class=\"elementor-heading-title elementor-size-default\">DESTINOS FAVORITOS EN EL MEDITERR\u00c1NEO<\/h3>\t\t\t\t<\/div>\n\t\t\t\t<div class=\"elementor-element elementor-element-29ae9e3d elementor-widget__width-initial elementor-widget elementor-widget-heading\" data-id=\"29ae9e3d\" data-element_type=\"widget\" data-widget_type=\"heading.default\">\n\t\t\t\t\t<h3 class=\"elementor-heading-title elementor-size-default\">Riviera Italiana (norte de Italia)<\/h3>\t\t\t\t<\/div>\n\t\t\t\t<div class=\"elementor-element elementor-element-3731f9c7 elementor-widget__width-initial elementor-widget elementor-widget-text-editor\" data-id=\"3731f9c7\" data-element_type=\"widget\" data-widget_type=\"text-editor.default\">\n\t\t\t\t\t\t\t\t\tDesde Portofino hasta Cinque Terre, esta costa combina historia, paisajes de ensue\u00f1o y puertos encantadores, ideal para un viaje lleno de cultura y exclusividad.\t\t\t\t\t\t\t\t<\/div>\n\t\t\t\t<\/div>\n\t\t\t\t<\/div>\n\t\t\t\t\t<\/div>\n\t\t\t\t<\/div>\n\t\t<div class=\"elementor-element elementor-element-c1a247f e-con-full e-flex e-con e-child\" data-id=\"c1a247f\" data-element_type=\"container\" data-settings=\"{&quot;background_background&quot;:&quot;classic&quot;}\">\n\t\t<div class=\"elementor-element elementor-element-e03e620 e-con-full e-flex e-con e-child\" data-id=\"e03e620\" data-element_type=\"container\" data-settings=\"{&quot;background_background&quot;:&quot;classic&quot;}\">\n\t\t\t\t<div class=\"elementor-element elementor-element-cf2197d elementor-hidden-desktop elementor-hidden-tablet elementor-widget elementor-widget-image\" data-id=\"cf2197d\" data-element_type=\"widget\" data-widget_type=\"image.default\">\n\t\t\t\t\t\t\t\t\t\t\t\t\t\t\t<img decoding=\"async\" width=\"992\" height=\"772\" src=\"https:\/\/www.charteranddreams.com\/wp-content\/uploads\/2024\/12\/amalfi-coast-scaled-1-992x772.jpg\" class=\"attachment-medium size-medium wp-image-95658\" alt=\"Amalfi coast, houses in the cliff and some yachts and boats cruising around\" srcset=\"https:\/\/www.charteranddreams.com\/wp-content\/uploads\/2024\/12\/amalfi-coast-scaled-1-992x772.jpg 992w, https:\/\/www.charteranddreams.com\/wp-content\/uploads\/2024\/12\/amalfi-coast-scaled-1-1543x1200.jpg 1543w, https:\/\/www.charteranddreams.com\/wp-content\/uploads\/2024\/12\/amalfi-coast-scaled-1-576x448.jpg 576w, https:\/\/www.charteranddreams.com\/wp-content\/uploads\/2024\/12\/amalfi-coast-scaled-1-768x597.jpg 768w, https:\/\/www.charteranddreams.com\/wp-content\/uploads\/2024\/12\/amalfi-coast-scaled-1-1536x1195.jpg 1536w, https:\/\/www.charteranddreams.com\/wp-content\/uploads\/2024\/12\/amalfi-coast-scaled-1-2048x1593.jpg 2048w, https:\/\/www.charteranddreams.com\/wp-content\/uploads\/2024\/12\/amalfi-coast-scaled-1-1900x1478.jpg 1900w\" sizes=\"(max-width: 992px) 100vw, 992px\" \/>\t\t\t\t\t\t\t\t\t\t\t\t\t\t\t<\/div>\n\t\t\t\t<div class=\"elementor-element elementor-element-07d5925 elementor-widget__width-initial elementor-widget elementor-widget-heading\" data-id=\"07d5925\" data-element_type=\"widget\" data-widget_type=\"heading.default\">\n\t\t\t\t\t<h3 class=\"elementor-heading-title elementor-size-default\">DESTINOS FAVORITOS EN EL MEDITERR\u00c1NEO<\/h3>\t\t\t\t<\/div>\n\t\t\t\t<div class=\"elementor-element elementor-element-86cd7c9 elementor-widget__width-initial elementor-widget elementor-widget-heading\" data-id=\"86cd7c9\" data-element_type=\"widget\" data-widget_type=\"heading.default\">\n\t\t\t\t\t<h3 class=\"elementor-heading-title elementor-size-default\">Costa de Amalfi (sur de Italia)<\/h3>\t\t\t\t<\/div>\n\t\t\t\t<div class=\"elementor-element elementor-element-d76eb4a elementor-widget__width-initial elementor-widget elementor-widget-text-editor\" data-id=\"d76eb4a\" data-element_type=\"widget\" data-widget_type=\"text-editor.default\">\n\t\t\t\t\t\t\t\t\t<p><span style=\"font-weight: 400\">Pueblos colgados de acantilados, gastronom\u00eda excepcional y aguas cristalinas. Lugares como Positano y Ravello hacen de esta costa una de las m\u00e1s pintorescas del mundo.<\/span><\/p>\t\t\t\t\t\t\t\t<\/div>\n\t\t\t\t<\/div>\n\t\t\t\t<\/div>\n\t\t\t\t\t<\/div>\n\t\t\t\t<\/div>\n\t\t\t\t\t<\/div>\n\t\t\t\t<\/div>\n\t\t<div class=\"elementor-element elementor-element-e77686a e-flex e-con-boxed e-con e-parent\" data-id=\"e77686a\" data-element_type=\"container\" data-settings=\"{&quot;background_background&quot;:&quot;classic&quot;}\">\n\t\t\t\t\t<div class=\"e-con-inner\">\n\t\t\t\t<div class=\"elementor-element elementor-element-b2fccd5 elementor-widget elementor-widget-shortcode\" data-id=\"b2fccd5\" data-element_type=\"widget\" data-widget_type=\"shortcode.default\">\n\t\t\t\t\t\t\t<div class=\"elementor-shortcode\">    <div class=\"elementor-element elementor-widget elementor-widget-button destinationcta\" data-element_type=\"widget\" data-widget_type=\"button.default\">\n      <div class=\"elementor-widget-container\">\n        <div class=\"elementor-button-wrapper\">\n          <button class=\"elementor-button elementor-button-link elementor-size-sm openEnquireModal\" >\u00a1Cont\u00e1ctanos para m\u00e1s informaci\u00f3n!<\/button>\n        <\/div>\n      <\/div>\n    <\/div>\n    <\/div>\n\t\t\t\t\t\t<\/div>\n\t\t\t\t\t<\/div>\n\t\t\t\t<\/div>\n\t\t\t\t<\/div>\n\t\t","protected":false},"excerpt":{"rendered":"<p>Mediterr\u00e1neo Navegar por el Mediterr\u00e1neo a bordo de un yate de lujo es una experiencia inigualable. Desde paisajes espectaculares hasta ciudades costeras con una historia milenaria, esta regi\u00f3n ofrece una navegaci\u00f3n perfecta entre aguas turquesas y puertos rebosantes de encanto. SOBRE EL DESTINO PUNTOS FAVORITOS Alquiler de yates en el Mediterr\u00e1neo Alquilar un yate en [&hellip;]<\/p>\n","protected":false},"featured_media":10304,"template":"","class_list":["post-101856","destination","type-destination","status-publish","has-post-thumbnail","hentry"],"acf":[],"_links":{"self":[{"href":"https:\/\/www.charteranddreams.com\/es\/wp-json\/wp\/v2\/destination\/101856","targetHints":{"allow":["GET"]}}],"collection":[{"href":"https:\/\/www.charteranddreams.com\/es\/wp-json\/wp\/v2\/destination"}],"about":[{"href":"https:\/\/www.charteranddreams.com\/es\/wp-json\/wp\/v2\/types\/destination"}],"version-history":[{"count":14,"href":"https:\/\/www.charteranddreams.com\/es\/wp-json\/wp\/v2\/destination\/101856\/revisions"}],"predecessor-version":[{"id":103720,"href":"https:\/\/www.charteranddreams.com\/es\/wp-json\/wp\/v2\/destination\/101856\/revisions\/103720"}],"wp:featuredmedia":[{"embeddable":true,"href":"https:\/\/www.charteranddreams.com\/es\/wp-json\/wp\/v2\/media\/10304"}],"wp:attachment":[{"href":"https:\/\/www.charteranddreams.com\/es\/wp-json\/wp\/v2\/media?parent=101856"}],"curies":[{"name":"wp","href":"https:\/\/api.w.org\/{rel}","templated":true}]}}